{"id":11432,"date":"2025-05-14T16:43:09","date_gmt":"2025-05-14T14:43:09","guid":{"rendered":"https:\/\/lechappeeclose.it\/boutique\/non%20class\u00e9\/paris-des-jours-et-des-nuits\/"},"modified":"2025-09-10T16:10:30","modified_gmt":"2025-09-10T14:10:30","slug":"paris-des-jours-et-des-nuits","status":"publish","type":"product","link":"https:\/\/lechappeeclose.it\/it\/boutique\/livres\/litterature\/romans\/paris-des-jours-et-des-nuits\/","title":{"rendered":"Paris des jours et des nuits"},"content":{"rendered":"<p>Son art de la d\u00e9ambulation, depuis son adolescence, a permis \u00e0 Patrick Modiano de nouer une relation fusionnelle avec Paris. Lui seul sait en explorer le pass\u00e9, l&#8217;atmosph\u00e8re et les d\u00e9tails d&#8217;\u00e9poques r\u00e9volues. Plus qu&#8217;une toile de fond \u00e0 ses romans, sa passion quasi obsessionnelle pour les lieux, les rues, les annuaires, les quartiers, l&#8217;a pouss\u00e9 \u00e0 faire de la capitale un personnage omnipr\u00e9sent, un \u00e9l\u00e9ment central de son identit\u00e9 litt\u00e9raire. Sans chercher \u00e0 tout prix \u00e0 livrer un Paris vrai, v\u00e9ritable, conforme \u00e0 ce qu&#8217;il a \u00e9t\u00e9, il \u00e9crit un Paris r\u00eav\u00e9, dont les traces \u00e9vanescentes ne subsistent que dans sa m\u00e9moire. Des photographies plac\u00e9es en t\u00eate du volume, accompagn\u00e9es des mots de l&#8217;\u00e9crivain, \u00e9mergent une topographie personnelle, une g\u00e9ographie intime des lieux parisiens calqu\u00e9es sur les souvenirs qu&#8217;il s&#8217;en est faits entre 1953 et 1972. De son premier roman, La Place de l&#8217;\u00c9toile (1968) jusqu&#8217;\u00e0 La Danseuse (2023), aux confins de la r\u00e9alit\u00e9 v\u00e9cue, rem\u00e9mor\u00e9e et distordue, et du r\u00eave, du mat\u00e9riel et de l&#8217;immat\u00e9riel, du palpable et de l&#8217;insaisissable, le chemin emprunt\u00e9 par l&#8217;auteur r\u00e9v\u00e8le \u00e0 quel point autobiographie et g\u00e9ographie r\u00e9invent\u00e9es nourrissent aujourd&#8217;hui encore son \u00e9criture, m\u00eame apr\u00e8s l&#8217;effacement des lieux. Aux neuf romans retenus pour la pr\u00e9sente \u00e9dition, parus entre 1982 et 2019, s&#8217;ajoute un r\u00e9cit in\u00e9dit, Brassa\u00ef de la nuit. Dans un dialogue \u00e9tabli entre texte et images, vision doublement sublim\u00e9e de Paris, Patrick Modiano revient sur le travail du photographe d&#8217;origine hongroise, ce \u00abpo\u00e8te qui transmettrait tr\u00e8s loin dans le temps les visages [des mauvais gar\u00e7ons] et les lumi\u00e8res noires et blanches de Paris\u00bb. Derri\u00e8re les tableaux bross\u00e9s par le Prix Nobel de litt\u00e9rature 2014, demeurent \u00e0 jamais le Paris de sa jeunesse et ses territoires fantomatiques.<\/p>","protected":false},"excerpt":{"rendered":"<p>Son art de la d\u00e9ambulation, depuis son adolescence, a permis \u00e0 Patrick Modiano de nouer une relation fusionnelle avec Paris. Lui seul sait en explorer le pass\u00e9, l&#8217;atmosph\u00e8re et les d\u00e9tails d&#8217;\u00e9poques r\u00e9volues. Plus qu&#8217;une toile de fond \u00e0 ses romans, sa passion quasi obsessionnelle pour les lieux, les rues, les annuaires, les quartiers, l&#8217;a [&hellip;]<\/p>","protected":false},"featured_media":11431,"comment_status":"open","ping_status":"closed","template":"","meta":[],"product_brand":[],"product_cat":[46],"product_tag":[],"class_list":{"0":"post-11432","1":"product","2":"type-product","3":"status-publish","4":"has-post-thumbnail","6":"product_cat-romans","8":"first","9":"instock","10":"taxable","11":"shipping-taxable","12":"purchasable","13":"product-type-simple"},"yoast_head":"<!-- This site is optimized with the Yoast SEO plugin v27.5 - https:\/\/yoast.com\/product\/yoast-seo-wordpress\/ -->\n<title>Paris des jours et des nuits - l&#039;\u00e9chapp\u00e9e close<\/title>\n<meta name=\"robots\" content=\"index, follow, max-snippet:-1, max-image-preview:large, max-video-preview:-1\" \/>\n<link rel=\"canonical\" href=\"http:\/\/lechappeeclose.it\/it\/boutique\/livres\/litterature\/romans\/paris-des-jours-et-des-nuits\/\" \/>\n<meta property=\"og:locale\" content=\"it_IT\" \/>\n<meta property=\"og:type\" content=\"article\" \/>\n<meta property=\"og:title\" content=\"Paris des jours et des nuits - l&#039;\u00e9chapp\u00e9e close\" \/>\n<meta property=\"og:description\" content=\"Son art de la d\u00e9ambulation, depuis son adolescence, a permis \u00e0 Patrick Modiano de nouer une relation fusionnelle avec Paris. Lui seul sait en explorer le pass\u00e9, l&#8217;atmosph\u00e8re et les d\u00e9tails d&#8217;\u00e9poques r\u00e9volues. Plus qu&#8217;une toile de fond \u00e0 ses romans, sa passion quasi obsessionnelle pour les lieux, les rues, les annuaires, les quartiers, l&#8217;a [&hellip;]\" \/>\n<meta property=\"og:url\" content=\"http:\/\/lechappeeclose.it\/it\/boutique\/livres\/litterature\/romans\/paris-des-jours-et-des-nuits\/\" \/>\n<meta property=\"og:site_name\" content=\"l&#039;\u00e9chapp\u00e9e close\" \/>\n<meta property=\"article:modified_time\" content=\"2025-09-10T14:10:30+00:00\" \/>\n<meta property=\"og:image\" content=\"http:\/\/lechappeeclose.it\/wp-content\/uploads\/2025\/05\/Paris-des-jours-et-des-nuits.jpeg\" \/>\n\t<meta property=\"og:image:width\" content=\"329\" \/>\n\t<meta property=\"og:image:height\" content=\"500\" \/>\n\t<meta property=\"og:image:type\" content=\"image\/jpeg\" \/>\n<meta name=\"twitter:card\" content=\"summary_large_image\" \/>\n<meta name=\"twitter:label1\" content=\"Tempo di lettura stimato\" \/>\n\t<meta name=\"twitter:data1\" content=\"2 minuti\" \/>\n<script type=\"application\/ld+json\" class=\"yoast-schema-graph\">{\"@context\":\"https:\\\/\\\/schema.org\",\"@graph\":[{\"@type\":\"WebPage\",\"@id\":\"http:\\\/\\\/lechappeeclose.it\\\/it\\\/boutique\\\/livres\\\/litterature\\\/romans\\\/paris-des-jours-et-des-nuits\\\/\",\"url\":\"http:\\\/\\\/lechappeeclose.it\\\/it\\\/boutique\\\/livres\\\/litterature\\\/romans\\\/paris-des-jours-et-des-nuits\\\/\",\"name\":\"Paris des jours et des nuits - l&#039;\u00e9chapp\u00e9e close\",\"isPartOf\":{\"@id\":\"http:\\\/\\\/lechappeeclose.it\\\/it\\\/#website\"},\"primaryImageOfPage\":{\"@id\":\"http:\\\/\\\/lechappeeclose.it\\\/it\\\/boutique\\\/livres\\\/litterature\\\/romans\\\/paris-des-jours-et-des-nuits\\\/#primaryimage\"},\"image\":{\"@id\":\"http:\\\/\\\/lechappeeclose.it\\\/it\\\/boutique\\\/livres\\\/litterature\\\/romans\\\/paris-des-jours-et-des-nuits\\\/#primaryimage\"},\"thumbnailUrl\":\"https:\\\/\\\/lechappeeclose.it\\\/wp-content\\\/uploads\\\/2025\\\/05\\\/Paris-des-jours-et-des-nuits.jpeg\",\"datePublished\":\"2025-05-14T14:43:09+00:00\",\"dateModified\":\"2025-09-10T14:10:30+00:00\",\"breadcrumb\":{\"@id\":\"http:\\\/\\\/lechappeeclose.it\\\/it\\\/boutique\\\/livres\\\/litterature\\\/romans\\\/paris-des-jours-et-des-nuits\\\/#breadcrumb\"},\"inLanguage\":\"it-IT\",\"potentialAction\":[{\"@type\":\"ReadAction\",\"target\":[\"http:\\\/\\\/lechappeeclose.it\\\/it\\\/boutique\\\/livres\\\/litterature\\\/romans\\\/paris-des-jours-et-des-nuits\\\/\"]}]},{\"@type\":\"ImageObject\",\"inLanguage\":\"it-IT\",\"@id\":\"http:\\\/\\\/lechappeeclose.it\\\/it\\\/boutique\\\/livres\\\/litterature\\\/romans\\\/paris-des-jours-et-des-nuits\\\/#primaryimage\",\"url\":\"https:\\\/\\\/lechappeeclose.it\\\/wp-content\\\/uploads\\\/2025\\\/05\\\/Paris-des-jours-et-des-nuits.jpeg\",\"contentUrl\":\"https:\\\/\\\/lechappeeclose.it\\\/wp-content\\\/uploads\\\/2025\\\/05\\\/Paris-des-jours-et-des-nuits.jpeg\",\"width\":329,\"height\":500},{\"@type\":\"BreadcrumbList\",\"@id\":\"http:\\\/\\\/lechappeeclose.it\\\/it\\\/boutique\\\/livres\\\/litterature\\\/romans\\\/paris-des-jours-et-des-nuits\\\/#breadcrumb\",\"itemListElement\":[{\"@type\":\"ListItem\",\"position\":1,\"name\":\"Accueil\",\"item\":\"http:\\\/\\\/lechappeeclose.it\\\/it\\\/\"},{\"@type\":\"ListItem\",\"position\":2,\"name\":\"Boutique\",\"item\":\"http:\\\/\\\/lechappeeclose.it\\\/it\\\/boutique\\\/\"},{\"@type\":\"ListItem\",\"position\":3,\"name\":\"Paris des jours et des nuits\"}]},{\"@type\":\"WebSite\",\"@id\":\"http:\\\/\\\/lechappeeclose.it\\\/it\\\/#website\",\"url\":\"http:\\\/\\\/lechappeeclose.it\\\/it\\\/\",\"name\":\"l&#039;\u00e9chapp\u00e9e close\",\"description\":\"la librairie fran\u00e7aise de Milan\",\"publisher\":{\"@id\":\"http:\\\/\\\/lechappeeclose.it\\\/it\\\/#organization\"},\"alternateName\":\"La librairie fran\u00e7aise de Milan\",\"potentialAction\":[{\"@type\":\"SearchAction\",\"target\":{\"@type\":\"EntryPoint\",\"urlTemplate\":\"http:\\\/\\\/lechappeeclose.it\\\/it\\\/?s={search_term_string}\"},\"query-input\":{\"@type\":\"PropertyValueSpecification\",\"valueRequired\":true,\"valueName\":\"search_term_string\"}}],\"inLanguage\":\"it-IT\"},{\"@type\":\"Organization\",\"@id\":\"http:\\\/\\\/lechappeeclose.it\\\/it\\\/#organization\",\"name\":\"l&#039;\u00e9chapp\u00e9e close\",\"url\":\"http:\\\/\\\/lechappeeclose.it\\\/it\\\/\",\"logo\":{\"@type\":\"ImageObject\",\"inLanguage\":\"it-IT\",\"@id\":\"http:\\\/\\\/lechappeeclose.it\\\/it\\\/#\\\/schema\\\/logo\\\/image\\\/\",\"url\":\"https:\\\/\\\/lechappeeclose.it\\\/wp-content\\\/uploads\\\/2025\\\/02\\\/cropped-logo-rond.png\",\"contentUrl\":\"https:\\\/\\\/lechappeeclose.it\\\/wp-content\\\/uploads\\\/2025\\\/02\\\/cropped-logo-rond.png\",\"width\":1080,\"height\":1080,\"caption\":\"l&#039;\u00e9chapp\u00e9e close\"},\"image\":{\"@id\":\"http:\\\/\\\/lechappeeclose.it\\\/it\\\/#\\\/schema\\\/logo\\\/image\\\/\"},\"sameAs\":[\"https:\\\/\\\/www.instagram.com\\\/lechappeeclose\\\/\"]}]}<\/script>\n<!-- \/ Yoast SEO plugin. -->","yoast_head_json":{"title":"Paris des jours et des nuits - l&#039;\u00e9chapp\u00e9e close","robots":{"index":"index","follow":"follow","max-snippet":"max-snippet:-1","max-image-preview":"max-image-preview:large","max-video-preview":"max-video-preview:-1"},"canonical":"http:\/\/lechappeeclose.it\/it\/boutique\/livres\/litterature\/romans\/paris-des-jours-et-des-nuits\/","og_locale":"it_IT","og_type":"article","og_title":"Paris des jours et des nuits - l&#039;\u00e9chapp\u00e9e close","og_description":"Son art de la d\u00e9ambulation, depuis son adolescence, a permis \u00e0 Patrick Modiano de nouer une relation fusionnelle avec Paris. Lui seul sait en explorer le pass\u00e9, l&#8217;atmosph\u00e8re et les d\u00e9tails d&#8217;\u00e9poques r\u00e9volues. Plus qu&#8217;une toile de fond \u00e0 ses romans, sa passion quasi obsessionnelle pour les lieux, les rues, les annuaires, les quartiers, l&#8217;a [&hellip;]","og_url":"http:\/\/lechappeeclose.it\/it\/boutique\/livres\/litterature\/romans\/paris-des-jours-et-des-nuits\/","og_site_name":"l&#039;\u00e9chapp\u00e9e close","article_modified_time":"2025-09-10T14:10:30+00:00","og_image":[{"width":329,"height":500,"url":"http:\/\/lechappeeclose.it\/wp-content\/uploads\/2025\/05\/Paris-des-jours-et-des-nuits.jpeg","type":"image\/jpeg"}],"twitter_card":"summary_large_image","twitter_misc":{"Tempo di lettura stimato":"2 minuti"},"schema":{"@context":"https:\/\/schema.org","@graph":[{"@type":"WebPage","@id":"http:\/\/lechappeeclose.it\/it\/boutique\/livres\/litterature\/romans\/paris-des-jours-et-des-nuits\/","url":"http:\/\/lechappeeclose.it\/it\/boutique\/livres\/litterature\/romans\/paris-des-jours-et-des-nuits\/","name":"Paris des jours et des nuits - l&#039;\u00e9chapp\u00e9e close","isPartOf":{"@id":"http:\/\/lechappeeclose.it\/it\/#website"},"primaryImageOfPage":{"@id":"http:\/\/lechappeeclose.it\/it\/boutique\/livres\/litterature\/romans\/paris-des-jours-et-des-nuits\/#primaryimage"},"image":{"@id":"http:\/\/lechappeeclose.it\/it\/boutique\/livres\/litterature\/romans\/paris-des-jours-et-des-nuits\/#primaryimage"},"thumbnailUrl":"https:\/\/lechappeeclose.it\/wp-content\/uploads\/2025\/05\/Paris-des-jours-et-des-nuits.jpeg","datePublished":"2025-05-14T14:43:09+00:00","dateModified":"2025-09-10T14:10:30+00:00","breadcrumb":{"@id":"http:\/\/lechappeeclose.it\/it\/boutique\/livres\/litterature\/romans\/paris-des-jours-et-des-nuits\/#breadcrumb"},"inLanguage":"it-IT","potentialAction":[{"@type":"ReadAction","target":["http:\/\/lechappeeclose.it\/it\/boutique\/livres\/litterature\/romans\/paris-des-jours-et-des-nuits\/"]}]},{"@type":"ImageObject","inLanguage":"it-IT","@id":"http:\/\/lechappeeclose.it\/it\/boutique\/livres\/litterature\/romans\/paris-des-jours-et-des-nuits\/#primaryimage","url":"https:\/\/lechappeeclose.it\/wp-content\/uploads\/2025\/05\/Paris-des-jours-et-des-nuits.jpeg","contentUrl":"https:\/\/lechappeeclose.it\/wp-content\/uploads\/2025\/05\/Paris-des-jours-et-des-nuits.jpeg","width":329,"height":500},{"@type":"BreadcrumbList","@id":"http:\/\/lechappeeclose.it\/it\/boutique\/livres\/litterature\/romans\/paris-des-jours-et-des-nuits\/#breadcrumb","itemListElement":[{"@type":"ListItem","position":1,"name":"Accueil","item":"http:\/\/lechappeeclose.it\/it\/"},{"@type":"ListItem","position":2,"name":"Boutique","item":"http:\/\/lechappeeclose.it\/it\/boutique\/"},{"@type":"ListItem","position":3,"name":"Paris des jours et des nuits"}]},{"@type":"WebSite","@id":"http:\/\/lechappeeclose.it\/it\/#website","url":"http:\/\/lechappeeclose.it\/it\/","name":"l&#039;\u00e9chapp\u00e9e close","description":"La libreria francese di Milano","publisher":{"@id":"http:\/\/lechappeeclose.it\/it\/#organization"},"alternateName":"La librairie fran\u00e7aise de Milan","potentialAction":[{"@type":"SearchAction","target":{"@type":"EntryPoint","urlTemplate":"http:\/\/lechappeeclose.it\/it\/?s={search_term_string}"},"query-input":{"@type":"PropertyValueSpecification","valueRequired":true,"valueName":"search_term_string"}}],"inLanguage":"it-IT"},{"@type":"Organization","@id":"http:\/\/lechappeeclose.it\/it\/#organization","name":"l&#039;\u00e9chapp\u00e9e close","url":"http:\/\/lechappeeclose.it\/it\/","logo":{"@type":"ImageObject","inLanguage":"it-IT","@id":"http:\/\/lechappeeclose.it\/it\/#\/schema\/logo\/image\/","url":"https:\/\/lechappeeclose.it\/wp-content\/uploads\/2025\/02\/cropped-logo-rond.png","contentUrl":"https:\/\/lechappeeclose.it\/wp-content\/uploads\/2025\/02\/cropped-logo-rond.png","width":1080,"height":1080,"caption":"l&#039;\u00e9chapp\u00e9e close"},"image":{"@id":"http:\/\/lechappeeclose.it\/it\/#\/schema\/logo\/image\/"},"sameAs":["https:\/\/www.instagram.com\/lechappeeclose\/"]}]}},"_links":{"self":[{"href":"https:\/\/lechappeeclose.it\/it\/wp-json\/wp\/v2\/product\/11432","targetHints":{"allow":["GET"]}}],"collection":[{"href":"https:\/\/lechappeeclose.it\/it\/wp-json\/wp\/v2\/product"}],"about":[{"href":"https:\/\/lechappeeclose.it\/it\/wp-json\/wp\/v2\/types\/product"}],"replies":[{"embeddable":true,"href":"https:\/\/lechappeeclose.it\/it\/wp-json\/wp\/v2\/comments?post=11432"}],"wp:featuredmedia":[{"embeddable":true,"href":"https:\/\/lechappeeclose.it\/it\/wp-json\/wp\/v2\/media\/11431"}],"wp:attachment":[{"href":"https:\/\/lechappeeclose.it\/it\/wp-json\/wp\/v2\/media?parent=11432"}],"wp:term":[{"taxonomy":"product_brand","embeddable":true,"href":"https:\/\/lechappeeclose.it\/it\/wp-json\/wp\/v2\/product_brand?post=11432"},{"taxonomy":"product_cat","embeddable":true,"href":"https:\/\/lechappeeclose.it\/it\/wp-json\/wp\/v2\/product_cat?post=11432"},{"taxonomy":"product_tag","embeddable":true,"href":"https:\/\/lechappeeclose.it\/it\/wp-json\/wp\/v2\/product_tag?post=11432"}],"curies":[{"name":"wp","href":"https:\/\/api.w.org\/{rel}","templated":true}]}}