{"id":9325,"date":"2025-02-18T11:44:20","date_gmt":"2025-02-18T10:44:20","guid":{"rendered":"https:\/\/lechappeeclose.it\/produit\/un-jour-a-la-campagne-mes-promenades-sonores\/"},"modified":"2025-02-18T11:44:20","modified_gmt":"2025-02-18T10:44:20","slug":"un-jour-a-la-campagne-mes-promenades-sonores","status":"publish","type":"product","link":"http:\/\/lechappeeclose.it\/it\/boutique\/livres\/jeunesse\/petite-enfance\/un-jour-a-la-campagne-mes-promenades-sonores\/","title":{"rendered":"Un jour \u00e0 la campagne: Mes promenades sonores"},"content":{"rendered":"<p>Une promenade po\u00e9tique dans la campagne, compos\u00e9e de bruitages, ni tout \u00e0 fait r\u00e9alistes, ni tout \u00e0 fait imaginaires, pour s\u2019\u00e9veiller et grandir. Une journ\u00e9e rythm\u00e9e par le chant du coq au matin, des abeilles \u00e0 midi, de l\u2019orage qui gronde et des myst\u00e9rieux bruits de la nuit !<\/p>","protected":false},"excerpt":{"rendered":"<p>Une promenade po\u00e9tique dans la campagne, compos\u00e9e de bruitages, ni tout \u00e0 fait r\u00e9alistes, ni tout \u00e0 fait imaginaires, pour s\u2019\u00e9veiller et grandir. Une journ\u00e9e rythm\u00e9e par le chant du coq au matin, des abeilles \u00e0 midi, de l\u2019orage qui gronde et des myst\u00e9rieux bruits de la nuit !<\/p>","protected":false},"featured_media":9324,"comment_status":"open","ping_status":"closed","template":"","meta":[],"product_brand":[],"product_cat":[51],"product_tag":[],"class_list":["post-9325","product","type-product","status-publish","has-post-thumbnail","product_cat-petite-enfance","first","instock","taxable","shipping-taxable","purchasable","product-type-simple"],"yoast_head":"<!-- This site is optimized with the Yoast SEO plugin v28.3 - https:\/\/yoast.com\/product\/yoast-seo-wordpress\/ -->\n<title>Un jour \u00e0 la campagne: Mes promenades sonores - l&#039;\u00e9chapp\u00e9e close<\/title>\n<meta name=\"robots\" content=\"index, follow, max-snippet:-1, max-image-preview:large, max-video-preview:-1\" \/>\n<link rel=\"canonical\" href=\"https:\/\/lechappeeclose.it\/it\/boutique\/livres\/jeunesse\/petite-enfance\/un-jour-a-la-campagne-mes-promenades-sonores\/\" \/>\n<meta property=\"og:locale\" content=\"it_IT\" \/>\n<meta property=\"og:type\" content=\"article\" \/>\n<meta property=\"og:title\" content=\"Un jour \u00e0 la campagne: Mes promenades sonores - l&#039;\u00e9chapp\u00e9e close\" \/>\n<meta property=\"og:description\" content=\"Une promenade po\u00e9tique dans la campagne, compos\u00e9e de bruitages, ni tout \u00e0 fait r\u00e9alistes, ni tout \u00e0 fait imaginaires, pour s\u2019\u00e9veiller et grandir. Une journ\u00e9e rythm\u00e9e par le chant du coq au matin, des abeilles \u00e0 midi, de l\u2019orage qui gronde et des myst\u00e9rieux bruits de la nuit !\" \/>\n<meta property=\"og:url\" content=\"https:\/\/lechappeeclose.it\/it\/boutique\/livres\/jeunesse\/petite-enfance\/un-jour-a-la-campagne-mes-promenades-sonores\/\" \/>\n<meta property=\"og:site_name\" content=\"l&#039;\u00e9chapp\u00e9e close\" \/>\n<meta property=\"og:image\" content=\"https:\/\/lechappeeclose.it\/wp-content\/uploads\/2025\/02\/Un-jour-a-la-campagne-Mes-promenades-sonores.jpg\" \/>\n\t<meta property=\"og:image:width\" content=\"500\" \/>\n\t<meta property=\"og:image:height\" content=\"395\" \/>\n\t<meta property=\"og:image:type\" content=\"image\/jpeg\" \/>\n<meta name=\"twitter:card\" content=\"summary_large_image\" \/>\n<script type=\"application\/ld+json\" class=\"yoast-schema-graph\">{\"@context\":\"https:\\\/\\\/schema.org\",\"@graph\":[{\"@type\":\"WebPage\",\"@id\":\"https:\\\/\\\/lechappeeclose.it\\\/it\\\/boutique\\\/livres\\\/jeunesse\\\/petite-enfance\\\/un-jour-a-la-campagne-mes-promenades-sonores\\\/\",\"url\":\"https:\\\/\\\/lechappeeclose.it\\\/it\\\/boutique\\\/livres\\\/jeunesse\\\/petite-enfance\\\/un-jour-a-la-campagne-mes-promenades-sonores\\\/\",\"name\":\"Un jour \u00e0 la campagne: Mes promenades sonores - l&#039;\u00e9chapp\u00e9e close\",\"isPartOf\":{\"@id\":\"http:\\\/\\\/lechappeeclose.it\\\/#website\"},\"primaryImageOfPage\":{\"@id\":\"https:\\\/\\\/lechappeeclose.it\\\/it\\\/boutique\\\/livres\\\/jeunesse\\\/petite-enfance\\\/un-jour-a-la-campagne-mes-promenades-sonores\\\/#primaryimage\"},\"image\":{\"@id\":\"https:\\\/\\\/lechappeeclose.it\\\/it\\\/boutique\\\/livres\\\/jeunesse\\\/petite-enfance\\\/un-jour-a-la-campagne-mes-promenades-sonores\\\/#primaryimage\"},\"thumbnailUrl\":\"http:\\\/\\\/lechappeeclose.it\\\/wp-content\\\/uploads\\\/2025\\\/02\\\/Un-jour-a-la-campagne-Mes-promenades-sonores.jpg\",\"datePublished\":\"2025-02-18T10:44:20+00:00\",\"breadcrumb\":{\"@id\":\"https:\\\/\\\/lechappeeclose.it\\\/it\\\/boutique\\\/livres\\\/jeunesse\\\/petite-enfance\\\/un-jour-a-la-campagne-mes-promenades-sonores\\\/#breadcrumb\"},\"inLanguage\":\"it-IT\",\"potentialAction\":[{\"@type\":\"ReadAction\",\"target\":[\"https:\\\/\\\/lechappeeclose.it\\\/it\\\/boutique\\\/livres\\\/jeunesse\\\/petite-enfance\\\/un-jour-a-la-campagne-mes-promenades-sonores\\\/\"]}]},{\"@type\":\"ImageObject\",\"inLanguage\":\"it-IT\",\"@id\":\"https:\\\/\\\/lechappeeclose.it\\\/it\\\/boutique\\\/livres\\\/jeunesse\\\/petite-enfance\\\/un-jour-a-la-campagne-mes-promenades-sonores\\\/#primaryimage\",\"url\":\"http:\\\/\\\/lechappeeclose.it\\\/wp-content\\\/uploads\\\/2025\\\/02\\\/Un-jour-a-la-campagne-Mes-promenades-sonores.jpg\",\"contentUrl\":\"http:\\\/\\\/lechappeeclose.it\\\/wp-content\\\/uploads\\\/2025\\\/02\\\/Un-jour-a-la-campagne-Mes-promenades-sonores.jpg\",\"width\":500,\"height\":395},{\"@type\":\"BreadcrumbList\",\"@id\":\"https:\\\/\\\/lechappeeclose.it\\\/it\\\/boutique\\\/livres\\\/jeunesse\\\/petite-enfance\\\/un-jour-a-la-campagne-mes-promenades-sonores\\\/#breadcrumb\",\"itemListElement\":[{\"@type\":\"ListItem\",\"position\":1,\"name\":\"Accueil\",\"item\":\"http:\\\/\\\/lechappeeclose.it\\\/\"},{\"@type\":\"ListItem\",\"position\":2,\"name\":\"Boutique\",\"item\":\"http:\\\/\\\/lechappeeclose.it\\\/boutique\\\/\"},{\"@type\":\"ListItem\",\"position\":3,\"name\":\"Un jour \u00e0 la campagne: Mes promenades sonores\"}]},{\"@type\":\"WebSite\",\"@id\":\"http:\\\/\\\/lechappeeclose.it\\\/#website\",\"url\":\"http:\\\/\\\/lechappeeclose.it\\\/\",\"name\":\"l&#039;\u00e9chapp\u00e9e close\",\"description\":\"la librairie fran\u00e7aise de Milan\",\"publisher\":{\"@id\":\"http:\\\/\\\/lechappeeclose.it\\\/#organization\"},\"alternateName\":\"La librairie fran\u00e7aise de Milan\",\"potentialAction\":[{\"@type\":\"SearchAction\",\"target\":{\"@type\":\"EntryPoint\",\"urlTemplate\":\"http:\\\/\\\/lechappeeclose.it\\\/?s={search_term_string}\"},\"query-input\":{\"@type\":\"PropertyValueSpecification\",\"valueRequired\":true,\"valueName\":\"search_term_string\"}}],\"inLanguage\":\"it-IT\"},{\"@type\":\"Organization\",\"@id\":\"http:\\\/\\\/lechappeeclose.it\\\/#organization\",\"name\":\"l&#039;\u00e9chapp\u00e9e close\",\"url\":\"http:\\\/\\\/lechappeeclose.it\\\/\",\"logo\":{\"@type\":\"ImageObject\",\"inLanguage\":\"it-IT\",\"@id\":\"http:\\\/\\\/lechappeeclose.it\\\/#\\\/schema\\\/logo\\\/image\\\/\",\"url\":\"http:\\\/\\\/lechappeeclose.it\\\/wp-content\\\/uploads\\\/2025\\\/02\\\/cropped-logo-rond.png\",\"contentUrl\":\"http:\\\/\\\/lechappeeclose.it\\\/wp-content\\\/uploads\\\/2025\\\/02\\\/cropped-logo-rond.png\",\"width\":1080,\"height\":1080,\"caption\":\"l&#039;\u00e9chapp\u00e9e close\"},\"image\":{\"@id\":\"http:\\\/\\\/lechappeeclose.it\\\/#\\\/schema\\\/logo\\\/image\\\/\"},\"sameAs\":[\"https:\\\/\\\/www.instagram.com\\\/lechappeeclose\\\/\"]}]}<\/script>\n<!-- \/ Yoast SEO plugin. -->","yoast_head_json":{"title":"Un jour \u00e0 la campagne: Mes promenades sonores - l&#039;\u00e9chapp\u00e9e close","robots":{"index":"index","follow":"follow","max-snippet":"max-snippet:-1","max-image-preview":"max-image-preview:large","max-video-preview":"max-video-preview:-1"},"canonical":"https:\/\/lechappeeclose.it\/it\/boutique\/livres\/jeunesse\/petite-enfance\/un-jour-a-la-campagne-mes-promenades-sonores\/","og_locale":"it_IT","og_type":"article","og_title":"Un jour \u00e0 la campagne: Mes promenades sonores - l&#039;\u00e9chapp\u00e9e close","og_description":"Une promenade po\u00e9tique dans la campagne, compos\u00e9e de bruitages, ni tout \u00e0 fait r\u00e9alistes, ni tout \u00e0 fait imaginaires, pour s\u2019\u00e9veiller et grandir. Une journ\u00e9e rythm\u00e9e par le chant du coq au matin, des abeilles \u00e0 midi, de l\u2019orage qui gronde et des myst\u00e9rieux bruits de la nuit !","og_url":"https:\/\/lechappeeclose.it\/it\/boutique\/livres\/jeunesse\/petite-enfance\/un-jour-a-la-campagne-mes-promenades-sonores\/","og_site_name":"l&#039;\u00e9chapp\u00e9e close","og_image":[{"width":500,"height":395,"url":"https:\/\/lechappeeclose.it\/wp-content\/uploads\/2025\/02\/Un-jour-a-la-campagne-Mes-promenades-sonores.jpg","type":"image\/jpeg"}],"twitter_card":"summary_large_image","schema":{"@context":"https:\/\/schema.org","@graph":[{"@type":"WebPage","@id":"https:\/\/lechappeeclose.it\/it\/boutique\/livres\/jeunesse\/petite-enfance\/un-jour-a-la-campagne-mes-promenades-sonores\/","url":"https:\/\/lechappeeclose.it\/it\/boutique\/livres\/jeunesse\/petite-enfance\/un-jour-a-la-campagne-mes-promenades-sonores\/","name":"Un jour \u00e0 la campagne: Mes promenades sonores - l&#039;\u00e9chapp\u00e9e close","isPartOf":{"@id":"http:\/\/lechappeeclose.it\/#website"},"primaryImageOfPage":{"@id":"https:\/\/lechappeeclose.it\/it\/boutique\/livres\/jeunesse\/petite-enfance\/un-jour-a-la-campagne-mes-promenades-sonores\/#primaryimage"},"image":{"@id":"https:\/\/lechappeeclose.it\/it\/boutique\/livres\/jeunesse\/petite-enfance\/un-jour-a-la-campagne-mes-promenades-sonores\/#primaryimage"},"thumbnailUrl":"http:\/\/lechappeeclose.it\/wp-content\/uploads\/2025\/02\/Un-jour-a-la-campagne-Mes-promenades-sonores.jpg","datePublished":"2025-02-18T10:44:20+00:00","breadcrumb":{"@id":"https:\/\/lechappeeclose.it\/it\/boutique\/livres\/jeunesse\/petite-enfance\/un-jour-a-la-campagne-mes-promenades-sonores\/#breadcrumb"},"inLanguage":"it-IT","potentialAction":[{"@type":"ReadAction","target":["https:\/\/lechappeeclose.it\/it\/boutique\/livres\/jeunesse\/petite-enfance\/un-jour-a-la-campagne-mes-promenades-sonores\/"]}]},{"@type":"ImageObject","inLanguage":"it-IT","@id":"https:\/\/lechappeeclose.it\/it\/boutique\/livres\/jeunesse\/petite-enfance\/un-jour-a-la-campagne-mes-promenades-sonores\/#primaryimage","url":"http:\/\/lechappeeclose.it\/wp-content\/uploads\/2025\/02\/Un-jour-a-la-campagne-Mes-promenades-sonores.jpg","contentUrl":"http:\/\/lechappeeclose.it\/wp-content\/uploads\/2025\/02\/Un-jour-a-la-campagne-Mes-promenades-sonores.jpg","width":500,"height":395},{"@type":"BreadcrumbList","@id":"https:\/\/lechappeeclose.it\/it\/boutique\/livres\/jeunesse\/petite-enfance\/un-jour-a-la-campagne-mes-promenades-sonores\/#breadcrumb","itemListElement":[{"@type":"ListItem","position":1,"name":"Accueil","item":"http:\/\/lechappeeclose.it\/"},{"@type":"ListItem","position":2,"name":"Boutique","item":"http:\/\/lechappeeclose.it\/boutique\/"},{"@type":"ListItem","position":3,"name":"Un jour \u00e0 la campagne: Mes promenades sonores"}]},{"@type":"WebSite","@id":"http:\/\/lechappeeclose.it\/#website","url":"http:\/\/lechappeeclose.it\/","name":"l&#039;\u00e9chapp\u00e9e close","description":"La libreria francese di Milano","publisher":{"@id":"http:\/\/lechappeeclose.it\/#organization"},"alternateName":"La librairie fran\u00e7aise de Milan","potentialAction":[{"@type":"SearchAction","target":{"@type":"EntryPoint","urlTemplate":"http:\/\/lechappeeclose.it\/?s={search_term_string}"},"query-input":{"@type":"PropertyValueSpecification","valueRequired":true,"valueName":"search_term_string"}}],"inLanguage":"it-IT"},{"@type":"Organization","@id":"http:\/\/lechappeeclose.it\/#organization","name":"l&#039;\u00e9chapp\u00e9e close","url":"http:\/\/lechappeeclose.it\/","logo":{"@type":"ImageObject","inLanguage":"it-IT","@id":"http:\/\/lechappeeclose.it\/#\/schema\/logo\/image\/","url":"http:\/\/lechappeeclose.it\/wp-content\/uploads\/2025\/02\/cropped-logo-rond.png","contentUrl":"http:\/\/lechappeeclose.it\/wp-content\/uploads\/2025\/02\/cropped-logo-rond.png","width":1080,"height":1080,"caption":"l&#039;\u00e9chapp\u00e9e close"},"image":{"@id":"http:\/\/lechappeeclose.it\/#\/schema\/logo\/image\/"},"sameAs":["https:\/\/www.instagram.com\/lechappeeclose\/"]}]}},"_links":{"self":[{"href":"http:\/\/lechappeeclose.it\/it\/wp-json\/wp\/v2\/product\/9325","targetHints":{"allow":["GET"]}}],"collection":[{"href":"http:\/\/lechappeeclose.it\/it\/wp-json\/wp\/v2\/product"}],"about":[{"href":"http:\/\/lechappeeclose.it\/it\/wp-json\/wp\/v2\/types\/product"}],"replies":[{"embeddable":true,"href":"http:\/\/lechappeeclose.it\/it\/wp-json\/wp\/v2\/comments?post=9325"}],"wp:featuredmedia":[{"embeddable":true,"href":"http:\/\/lechappeeclose.it\/it\/wp-json\/wp\/v2\/media\/9324"}],"wp:attachment":[{"href":"http:\/\/lechappeeclose.it\/it\/wp-json\/wp\/v2\/media?parent=9325"}],"wp:term":[{"taxonomy":"product_brand","embeddable":true,"href":"http:\/\/lechappeeclose.it\/it\/wp-json\/wp\/v2\/product_brand?post=9325"},{"taxonomy":"product_cat","embeddable":true,"href":"http:\/\/lechappeeclose.it\/it\/wp-json\/wp\/v2\/product_cat?post=9325"},{"taxonomy":"product_tag","embeddable":true,"href":"http:\/\/lechappeeclose.it\/it\/wp-json\/wp\/v2\/product_tag?post=9325"}],"curies":[{"name":"wp","href":"https:\/\/api.w.org\/{rel}","templated":true}]}}