{"id":6142,"date":"2025-02-06T17:07:08","date_gmt":"2025-02-06T16:07:08","guid":{"rendered":"https:\/\/lechappeeclose.it\/produit\/le-comte-de-monte-cristo-livre-2-edition-limitee\/"},"modified":"2025-09-20T20:23:40","modified_gmt":"2025-09-20T18:23:40","slug":"le-comte-de-monte-cristo-livre-2-edition-limitee","status":"publish","type":"product","link":"http:\/\/lechappeeclose.it\/it\/boutique\/livres\/litterature\/romans\/le-comte-de-monte-cristo-livre-2-edition-limitee\/","title":{"rendered":"Le comte de Monte-Cristo Livre 2 . Edition limit\u00e9e"},"content":{"rendered":"<p>Un grand texte du XIXe si\u00e8cle. Nagu\u00e8re trahi par la bassesse et la l\u00e2chet\u00e9 de ses amis, l&#8217;ex-capitaine Dant\u00e8s poursuit son \u0153uvre de vengeance et de haine. Mais Dant\u00e8s existe-t-il toujours ? De sa rencontre miraculeuse au ch\u00e2teau d&#8217;If avec l&#8217;abb\u00e9 Faria et son tr\u00e9sor est n\u00e9 le richissime, l&#8217;extravagant comte de Monte-Cristo. Gr\u00e2ce \u00e0 sa fortune et \u00e0 son savoir, cet homme, ce surhomme, peut tout d\u00e9sormais. Il r\u00e8gne sur les \u00eatres et les choses. Le monde est \u00e0 ses pieds, mais il ne peut jouir de rien.Dant\u00e8s est mort, victime de la cruaut\u00e9 humaine, mais Monte-Cristo n&#8217;est qu&#8217;une ombre, une obsession, un fant\u00f4me, une incarnation de la loi du Talion, acharn\u00e9 \u00e0 d\u00e9truire ceux qui ont voulu sa perte.<\/p>","protected":false},"excerpt":{"rendered":"<p>Un grand texte du XIXe si\u00e8cle. Nagu\u00e8re trahi par la bassesse et la l\u00e2chet\u00e9 de ses amis, l&#8217;ex-capitaine Dant\u00e8s poursuit son \u0153uvre de vengeance et de haine. Mais Dant\u00e8s existe-t-il toujours ? De sa rencontre miraculeuse au ch\u00e2teau d&#8217;If avec l&#8217;abb\u00e9 Faria et son tr\u00e9sor est n\u00e9 le richissime, l&#8217;extravagant comte de Monte-Cristo. Gr\u00e2ce \u00e0 [&hellip;]<\/p>","protected":false},"featured_media":6141,"comment_status":"open","ping_status":"closed","template":"","meta":[],"product_brand":[],"product_cat":[46],"product_tag":[],"class_list":{"0":"post-6142","1":"product","2":"type-product","3":"status-publish","4":"has-post-thumbnail","6":"product_cat-romans","8":"first","9":"onbackorder","10":"taxable","11":"shipping-taxable","12":"purchasable","13":"product-type-simple"},"yoast_head":"<!-- This site is optimized with the Yoast SEO plugin v27.5 - https:\/\/yoast.com\/product\/yoast-seo-wordpress\/ -->\n<title>Le comte de Monte-Cristo Livre 2 . Edition limit\u00e9e - l&#039;\u00e9chapp\u00e9e close<\/title>\n<meta name=\"robots\" content=\"index, follow, max-snippet:-1, max-image-preview:large, max-video-preview:-1\" \/>\n<link rel=\"canonical\" href=\"http:\/\/lechappeeclose.it\/it\/boutique\/livres\/litterature\/romans\/le-comte-de-monte-cristo-livre-2-edition-limitee\/\" \/>\n<meta property=\"og:locale\" content=\"it_IT\" \/>\n<meta property=\"og:type\" content=\"article\" \/>\n<meta property=\"og:title\" content=\"Le comte de Monte-Cristo Livre 2 . Edition limit\u00e9e - l&#039;\u00e9chapp\u00e9e close\" \/>\n<meta property=\"og:description\" content=\"Un grand texte du XIXe si\u00e8cle. Nagu\u00e8re trahi par la bassesse et la l\u00e2chet\u00e9 de ses amis, l&#8217;ex-capitaine Dant\u00e8s poursuit son \u0153uvre de vengeance et de haine. Mais Dant\u00e8s existe-t-il toujours ? De sa rencontre miraculeuse au ch\u00e2teau d&#8217;If avec l&#8217;abb\u00e9 Faria et son tr\u00e9sor est n\u00e9 le richissime, l&#8217;extravagant comte de Monte-Cristo. Gr\u00e2ce \u00e0 [&hellip;]\" \/>\n<meta property=\"og:url\" content=\"http:\/\/lechappeeclose.it\/it\/boutique\/livres\/litterature\/romans\/le-comte-de-monte-cristo-livre-2-edition-limitee\/\" \/>\n<meta property=\"og:site_name\" content=\"l&#039;\u00e9chapp\u00e9e close\" \/>\n<meta property=\"article:modified_time\" content=\"2025-09-20T18:23:40+00:00\" \/>\n<meta property=\"og:image\" content=\"http:\/\/lechappeeclose.it\/wp-content\/uploads\/2025\/02\/Le-comte-de-Monte-Cristo-Livre-2-Edition-limitee.jpg\" \/>\n\t<meta property=\"og:image:width\" content=\"305\" \/>\n\t<meta property=\"og:image:height\" content=\"500\" \/>\n\t<meta property=\"og:image:type\" content=\"image\/jpeg\" \/>\n<meta name=\"twitter:card\" content=\"summary_large_image\" \/>\n<meta name=\"twitter:label1\" content=\"Tempo di lettura stimato\" \/>\n\t<meta name=\"twitter:data1\" content=\"1 minuto\" \/>\n<script type=\"application\/ld+json\" class=\"yoast-schema-graph\">{\"@context\":\"https:\\\/\\\/schema.org\",\"@graph\":[{\"@type\":\"WebPage\",\"@id\":\"http:\\\/\\\/lechappeeclose.it\\\/boutique\\\/livres\\\/litterature\\\/romans\\\/le-comte-de-monte-cristo-livre-2-edition-limitee\\\/\",\"url\":\"http:\\\/\\\/lechappeeclose.it\\\/boutique\\\/livres\\\/litterature\\\/romans\\\/le-comte-de-monte-cristo-livre-2-edition-limitee\\\/\",\"name\":\"Le comte de Monte-Cristo Livre 2 . Edition limit\u00e9e - l&#039;\u00e9chapp\u00e9e close\",\"isPartOf\":{\"@id\":\"http:\\\/\\\/lechappeeclose.it\\\/it\\\/#website\"},\"primaryImageOfPage\":{\"@id\":\"http:\\\/\\\/lechappeeclose.it\\\/boutique\\\/livres\\\/litterature\\\/romans\\\/le-comte-de-monte-cristo-livre-2-edition-limitee\\\/#primaryimage\"},\"image\":{\"@id\":\"http:\\\/\\\/lechappeeclose.it\\\/boutique\\\/livres\\\/litterature\\\/romans\\\/le-comte-de-monte-cristo-livre-2-edition-limitee\\\/#primaryimage\"},\"thumbnailUrl\":\"http:\\\/\\\/lechappeeclose.it\\\/wp-content\\\/uploads\\\/2025\\\/02\\\/Le-comte-de-Monte-Cristo-Livre-2-Edition-limitee.jpg\",\"datePublished\":\"2025-02-06T16:07:08+00:00\",\"dateModified\":\"2025-09-20T18:23:40+00:00\",\"breadcrumb\":{\"@id\":\"http:\\\/\\\/lechappeeclose.it\\\/boutique\\\/livres\\\/litterature\\\/romans\\\/le-comte-de-monte-cristo-livre-2-edition-limitee\\\/#breadcrumb\"},\"inLanguage\":\"it-IT\",\"potentialAction\":[{\"@type\":\"ReadAction\",\"target\":[\"http:\\\/\\\/lechappeeclose.it\\\/boutique\\\/livres\\\/litterature\\\/romans\\\/le-comte-de-monte-cristo-livre-2-edition-limitee\\\/\"]}]},{\"@type\":\"ImageObject\",\"inLanguage\":\"it-IT\",\"@id\":\"http:\\\/\\\/lechappeeclose.it\\\/boutique\\\/livres\\\/litterature\\\/romans\\\/le-comte-de-monte-cristo-livre-2-edition-limitee\\\/#primaryimage\",\"url\":\"http:\\\/\\\/lechappeeclose.it\\\/wp-content\\\/uploads\\\/2025\\\/02\\\/Le-comte-de-Monte-Cristo-Livre-2-Edition-limitee.jpg\",\"contentUrl\":\"http:\\\/\\\/lechappeeclose.it\\\/wp-content\\\/uploads\\\/2025\\\/02\\\/Le-comte-de-Monte-Cristo-Livre-2-Edition-limitee.jpg\",\"width\":305,\"height\":500},{\"@type\":\"BreadcrumbList\",\"@id\":\"http:\\\/\\\/lechappeeclose.it\\\/boutique\\\/livres\\\/litterature\\\/romans\\\/le-comte-de-monte-cristo-livre-2-edition-limitee\\\/#breadcrumb\",\"itemListElement\":[{\"@type\":\"ListItem\",\"position\":1,\"name\":\"Accueil\",\"item\":\"http:\\\/\\\/lechappeeclose.it\\\/it\\\/\"},{\"@type\":\"ListItem\",\"position\":2,\"name\":\"Boutique\",\"item\":\"http:\\\/\\\/lechappeeclose.it\\\/it\\\/boutique\\\/\"},{\"@type\":\"ListItem\",\"position\":3,\"name\":\"Le comte de Monte-Cristo Livre 2 . Edition limit\u00e9e\"}]},{\"@type\":\"WebSite\",\"@id\":\"http:\\\/\\\/lechappeeclose.it\\\/it\\\/#website\",\"url\":\"http:\\\/\\\/lechappeeclose.it\\\/it\\\/\",\"name\":\"l&#039;\u00e9chapp\u00e9e close\",\"description\":\"la librairie fran\u00e7aise de Milan\",\"publisher\":{\"@id\":\"http:\\\/\\\/lechappeeclose.it\\\/it\\\/#organization\"},\"alternateName\":\"La librairie fran\u00e7aise de Milan\",\"potentialAction\":[{\"@type\":\"SearchAction\",\"target\":{\"@type\":\"EntryPoint\",\"urlTemplate\":\"http:\\\/\\\/lechappeeclose.it\\\/it\\\/?s={search_term_string}\"},\"query-input\":{\"@type\":\"PropertyValueSpecification\",\"valueRequired\":true,\"valueName\":\"search_term_string\"}}],\"inLanguage\":\"it-IT\"},{\"@type\":\"Organization\",\"@id\":\"http:\\\/\\\/lechappeeclose.it\\\/it\\\/#organization\",\"name\":\"l&#039;\u00e9chapp\u00e9e close\",\"url\":\"http:\\\/\\\/lechappeeclose.it\\\/it\\\/\",\"logo\":{\"@type\":\"ImageObject\",\"inLanguage\":\"it-IT\",\"@id\":\"http:\\\/\\\/lechappeeclose.it\\\/it\\\/#\\\/schema\\\/logo\\\/image\\\/\",\"url\":\"http:\\\/\\\/lechappeeclose.it\\\/wp-content\\\/uploads\\\/2025\\\/02\\\/cropped-logo-rond.png\",\"contentUrl\":\"http:\\\/\\\/lechappeeclose.it\\\/wp-content\\\/uploads\\\/2025\\\/02\\\/cropped-logo-rond.png\",\"width\":1080,\"height\":1080,\"caption\":\"l&#039;\u00e9chapp\u00e9e close\"},\"image\":{\"@id\":\"http:\\\/\\\/lechappeeclose.it\\\/it\\\/#\\\/schema\\\/logo\\\/image\\\/\"},\"sameAs\":[\"https:\\\/\\\/www.instagram.com\\\/lechappeeclose\\\/\"]}]}<\/script>\n<!-- \/ Yoast SEO plugin. -->","yoast_head_json":{"title":"Le comte de Monte-Cristo Livre 2 . Edition limit\u00e9e - l&#039;\u00e9chapp\u00e9e close","robots":{"index":"index","follow":"follow","max-snippet":"max-snippet:-1","max-image-preview":"max-image-preview:large","max-video-preview":"max-video-preview:-1"},"canonical":"http:\/\/lechappeeclose.it\/it\/boutique\/livres\/litterature\/romans\/le-comte-de-monte-cristo-livre-2-edition-limitee\/","og_locale":"it_IT","og_type":"article","og_title":"Le comte de Monte-Cristo Livre 2 . Edition limit\u00e9e - l&#039;\u00e9chapp\u00e9e close","og_description":"Un grand texte du XIXe si\u00e8cle. Nagu\u00e8re trahi par la bassesse et la l\u00e2chet\u00e9 de ses amis, l&#8217;ex-capitaine Dant\u00e8s poursuit son \u0153uvre de vengeance et de haine. Mais Dant\u00e8s existe-t-il toujours ? De sa rencontre miraculeuse au ch\u00e2teau d&#8217;If avec l&#8217;abb\u00e9 Faria et son tr\u00e9sor est n\u00e9 le richissime, l&#8217;extravagant comte de Monte-Cristo. Gr\u00e2ce \u00e0 [&hellip;]","og_url":"http:\/\/lechappeeclose.it\/it\/boutique\/livres\/litterature\/romans\/le-comte-de-monte-cristo-livre-2-edition-limitee\/","og_site_name":"l&#039;\u00e9chapp\u00e9e close","article_modified_time":"2025-09-20T18:23:40+00:00","og_image":[{"width":305,"height":500,"url":"http:\/\/lechappeeclose.it\/wp-content\/uploads\/2025\/02\/Le-comte-de-Monte-Cristo-Livre-2-Edition-limitee.jpg","type":"image\/jpeg"}],"twitter_card":"summary_large_image","twitter_misc":{"Tempo di lettura stimato":"1 minuto"},"schema":{"@context":"https:\/\/schema.org","@graph":[{"@type":"WebPage","@id":"http:\/\/lechappeeclose.it\/boutique\/livres\/litterature\/romans\/le-comte-de-monte-cristo-livre-2-edition-limitee\/","url":"http:\/\/lechappeeclose.it\/boutique\/livres\/litterature\/romans\/le-comte-de-monte-cristo-livre-2-edition-limitee\/","name":"Le comte de Monte-Cristo Livre 2 . Edition limit\u00e9e - l&#039;\u00e9chapp\u00e9e close","isPartOf":{"@id":"http:\/\/lechappeeclose.it\/it\/#website"},"primaryImageOfPage":{"@id":"http:\/\/lechappeeclose.it\/boutique\/livres\/litterature\/romans\/le-comte-de-monte-cristo-livre-2-edition-limitee\/#primaryimage"},"image":{"@id":"http:\/\/lechappeeclose.it\/boutique\/livres\/litterature\/romans\/le-comte-de-monte-cristo-livre-2-edition-limitee\/#primaryimage"},"thumbnailUrl":"http:\/\/lechappeeclose.it\/wp-content\/uploads\/2025\/02\/Le-comte-de-Monte-Cristo-Livre-2-Edition-limitee.jpg","datePublished":"2025-02-06T16:07:08+00:00","dateModified":"2025-09-20T18:23:40+00:00","breadcrumb":{"@id":"http:\/\/lechappeeclose.it\/boutique\/livres\/litterature\/romans\/le-comte-de-monte-cristo-livre-2-edition-limitee\/#breadcrumb"},"inLanguage":"it-IT","potentialAction":[{"@type":"ReadAction","target":["http:\/\/lechappeeclose.it\/boutique\/livres\/litterature\/romans\/le-comte-de-monte-cristo-livre-2-edition-limitee\/"]}]},{"@type":"ImageObject","inLanguage":"it-IT","@id":"http:\/\/lechappeeclose.it\/boutique\/livres\/litterature\/romans\/le-comte-de-monte-cristo-livre-2-edition-limitee\/#primaryimage","url":"http:\/\/lechappeeclose.it\/wp-content\/uploads\/2025\/02\/Le-comte-de-Monte-Cristo-Livre-2-Edition-limitee.jpg","contentUrl":"http:\/\/lechappeeclose.it\/wp-content\/uploads\/2025\/02\/Le-comte-de-Monte-Cristo-Livre-2-Edition-limitee.jpg","width":305,"height":500},{"@type":"BreadcrumbList","@id":"http:\/\/lechappeeclose.it\/boutique\/livres\/litterature\/romans\/le-comte-de-monte-cristo-livre-2-edition-limitee\/#breadcrumb","itemListElement":[{"@type":"ListItem","position":1,"name":"Accueil","item":"http:\/\/lechappeeclose.it\/it\/"},{"@type":"ListItem","position":2,"name":"Boutique","item":"http:\/\/lechappeeclose.it\/it\/boutique\/"},{"@type":"ListItem","position":3,"name":"Le comte de Monte-Cristo Livre 2 . Edition limit\u00e9e"}]},{"@type":"WebSite","@id":"http:\/\/lechappeeclose.it\/it\/#website","url":"http:\/\/lechappeeclose.it\/it\/","name":"l&#039;\u00e9chapp\u00e9e close","description":"La libreria francese di Milano","publisher":{"@id":"http:\/\/lechappeeclose.it\/it\/#organization"},"alternateName":"La librairie fran\u00e7aise de Milan","potentialAction":[{"@type":"SearchAction","target":{"@type":"EntryPoint","urlTemplate":"http:\/\/lechappeeclose.it\/it\/?s={search_term_string}"},"query-input":{"@type":"PropertyValueSpecification","valueRequired":true,"valueName":"search_term_string"}}],"inLanguage":"it-IT"},{"@type":"Organization","@id":"http:\/\/lechappeeclose.it\/it\/#organization","name":"l&#039;\u00e9chapp\u00e9e close","url":"http:\/\/lechappeeclose.it\/it\/","logo":{"@type":"ImageObject","inLanguage":"it-IT","@id":"http:\/\/lechappeeclose.it\/it\/#\/schema\/logo\/image\/","url":"http:\/\/lechappeeclose.it\/wp-content\/uploads\/2025\/02\/cropped-logo-rond.png","contentUrl":"http:\/\/lechappeeclose.it\/wp-content\/uploads\/2025\/02\/cropped-logo-rond.png","width":1080,"height":1080,"caption":"l&#039;\u00e9chapp\u00e9e close"},"image":{"@id":"http:\/\/lechappeeclose.it\/it\/#\/schema\/logo\/image\/"},"sameAs":["https:\/\/www.instagram.com\/lechappeeclose\/"]}]}},"_links":{"self":[{"href":"http:\/\/lechappeeclose.it\/it\/wp-json\/wp\/v2\/product\/6142","targetHints":{"allow":["GET"]}}],"collection":[{"href":"http:\/\/lechappeeclose.it\/it\/wp-json\/wp\/v2\/product"}],"about":[{"href":"http:\/\/lechappeeclose.it\/it\/wp-json\/wp\/v2\/types\/product"}],"replies":[{"embeddable":true,"href":"http:\/\/lechappeeclose.it\/it\/wp-json\/wp\/v2\/comments?post=6142"}],"wp:featuredmedia":[{"embeddable":true,"href":"http:\/\/lechappeeclose.it\/it\/wp-json\/wp\/v2\/media\/6141"}],"wp:attachment":[{"href":"http:\/\/lechappeeclose.it\/it\/wp-json\/wp\/v2\/media?parent=6142"}],"wp:term":[{"taxonomy":"product_brand","embeddable":true,"href":"http:\/\/lechappeeclose.it\/it\/wp-json\/wp\/v2\/product_brand?post=6142"},{"taxonomy":"product_cat","embeddable":true,"href":"http:\/\/lechappeeclose.it\/it\/wp-json\/wp\/v2\/product_cat?post=6142"},{"taxonomy":"product_tag","embeddable":true,"href":"http:\/\/lechappeeclose.it\/it\/wp-json\/wp\/v2\/product_tag?post=6142"}],"curies":[{"name":"wp","href":"https:\/\/api.w.org\/{rel}","templated":true}]}}