{"id":5191,"date":"2025-02-05T11:46:07","date_gmt":"2025-02-05T10:46:07","guid":{"rendered":"https:\/\/lechappeeclose.it\/produit\/le-lys-dans-la-vallee\/"},"modified":"2025-02-05T11:46:24","modified_gmt":"2025-02-05T10:46:24","slug":"le-lys-dans-la-vallee","status":"publish","type":"product","link":"http:\/\/lechappeeclose.it\/it\/boutique\/livres\/litterature\/romans\/le-lys-dans-la-vallee\/","title":{"rendered":"Le lys dans la vall\u00e9e"},"content":{"rendered":"<p>\u00c0 la demande de la comtesse Natalie de Manerville, dont il est \u00e9pris, F\u00e9lix de Vandenesse relate sa premi\u00e8re passion, celle qui le lia, dans sa jeunesse, \u00e0 la vertueuse Henriette de Mortsauf. Mais peut-on sans cons\u00e9quence raconter un amour pass\u00e9, f\u00fbt-il platonique, \u00e0 l&#8217;\u00eatre qu&#8217;on aime? Ainsi que l&#8217;\u00e9crit Catherine Millet: &#8220;Je tire de ce r\u00e9cit une morale qui ne pourrait que d\u00e9cevoir une personne comme F\u00e9lix, jeune et amoureuse [&#8230;]. Dans une relation d&#8217;amour, il est absolument illusoire, pour ne pas dire na\u00eff, de vouloir \u00eatre transparent l&#8217;un \u00e0 l&#8217;autre. &#8220;, Roman des plaisirs interdits et du d\u00e9sir r\u00e9fr\u00e9n\u00e9, Le lys dans la vall\u00e9e est aussi, de tous les r\u00e9cits de Balzac, l&#8217;un des plus lyriques et des plus d\u00e9sabus\u00e9s.<\/p>","protected":false},"excerpt":{"rendered":"<p>\u00c0 la demande de la comtesse Natalie de Manerville, dont il est \u00e9pris, F\u00e9lix de Vandenesse relate sa premi\u00e8re passion, celle qui le lia, dans sa jeunesse, \u00e0 la vertueuse Henriette de Mortsauf. Mais peut-on sans cons\u00e9quence raconter un amour pass\u00e9, f\u00fbt-il platonique, \u00e0 l&#8217;\u00eatre qu&#8217;on aime? Ainsi que l&#8217;\u00e9crit Catherine Millet: &#8220;Je tire de [&hellip;]<\/p>","protected":false},"featured_media":5190,"comment_status":"open","ping_status":"closed","template":"","meta":[],"product_brand":[],"product_cat":[46],"product_tag":[],"class_list":["post-5191","product","type-product","status-publish","has-post-thumbnail","product_cat-romans","first","instock","taxable","shipping-taxable","purchasable","product-type-simple"],"yoast_head":"<!-- This site is optimized with the Yoast SEO plugin v28.3 - https:\/\/yoast.com\/product\/yoast-seo-wordpress\/ -->\n<title>Le lys dans la vall\u00e9e - l&#039;\u00e9chapp\u00e9e close<\/title>\n<meta name=\"robots\" content=\"index, follow, max-snippet:-1, max-image-preview:large, max-video-preview:-1\" \/>\n<link rel=\"canonical\" href=\"http:\/\/lechappeeclose.it\/it\/boutique\/livres\/litterature\/romans\/le-lys-dans-la-vallee\/\" \/>\n<meta property=\"og:locale\" content=\"it_IT\" \/>\n<meta property=\"og:type\" content=\"article\" \/>\n<meta property=\"og:title\" content=\"Le lys dans la vall\u00e9e - l&#039;\u00e9chapp\u00e9e close\" \/>\n<meta property=\"og:description\" content=\"\u00c0 la demande de la comtesse Natalie de Manerville, dont il est \u00e9pris, F\u00e9lix de Vandenesse relate sa premi\u00e8re passion, celle qui le lia, dans sa jeunesse, \u00e0 la vertueuse Henriette de Mortsauf. Mais peut-on sans cons\u00e9quence raconter un amour pass\u00e9, f\u00fbt-il platonique, \u00e0 l&#8217;\u00eatre qu&#8217;on aime? Ainsi que l&#8217;\u00e9crit Catherine Millet: &#8220;Je tire de [&hellip;]\" \/>\n<meta property=\"og:url\" content=\"http:\/\/lechappeeclose.it\/it\/boutique\/livres\/litterature\/romans\/le-lys-dans-la-vallee\/\" \/>\n<meta property=\"og:site_name\" content=\"l&#039;\u00e9chapp\u00e9e close\" \/>\n<meta property=\"article:modified_time\" content=\"2025-02-05T10:46:24+00:00\" \/>\n<meta property=\"og:image\" content=\"http:\/\/lechappeeclose.it\/wp-content\/uploads\/2025\/02\/Le-lys-dans-la-vallee.jpg\" \/>\n\t<meta property=\"og:image:width\" content=\"300\" \/>\n\t<meta property=\"og:image:height\" content=\"500\" \/>\n\t<meta property=\"og:image:type\" content=\"image\/jpeg\" \/>\n<meta name=\"twitter:card\" content=\"summary_large_image\" \/>\n<meta name=\"twitter:label1\" content=\"Tempo di lettura stimato\" \/>\n\t<meta name=\"twitter:data1\" content=\"1 minuto\" \/>\n<script type=\"application\/ld+json\" class=\"yoast-schema-graph\">{\"@context\":\"https:\\\/\\\/schema.org\",\"@graph\":[{\"@type\":\"WebPage\",\"@id\":\"http:\\\/\\\/lechappeeclose.it\\\/it\\\/boutique\\\/livres\\\/litterature\\\/romans\\\/le-lys-dans-la-vallee\\\/\",\"url\":\"http:\\\/\\\/lechappeeclose.it\\\/it\\\/boutique\\\/livres\\\/litterature\\\/romans\\\/le-lys-dans-la-vallee\\\/\",\"name\":\"Le lys dans la vall\u00e9e - l&#039;\u00e9chapp\u00e9e close\",\"isPartOf\":{\"@id\":\"http:\\\/\\\/lechappeeclose.it\\\/#website\"},\"primaryImageOfPage\":{\"@id\":\"http:\\\/\\\/lechappeeclose.it\\\/it\\\/boutique\\\/livres\\\/litterature\\\/romans\\\/le-lys-dans-la-vallee\\\/#primaryimage\"},\"image\":{\"@id\":\"http:\\\/\\\/lechappeeclose.it\\\/it\\\/boutique\\\/livres\\\/litterature\\\/romans\\\/le-lys-dans-la-vallee\\\/#primaryimage\"},\"thumbnailUrl\":\"http:\\\/\\\/lechappeeclose.it\\\/wp-content\\\/uploads\\\/2025\\\/02\\\/Le-lys-dans-la-vallee.jpg\",\"datePublished\":\"2025-02-05T10:46:07+00:00\",\"dateModified\":\"2025-02-05T10:46:24+00:00\",\"breadcrumb\":{\"@id\":\"http:\\\/\\\/lechappeeclose.it\\\/it\\\/boutique\\\/livres\\\/litterature\\\/romans\\\/le-lys-dans-la-vallee\\\/#breadcrumb\"},\"inLanguage\":\"it-IT\",\"potentialAction\":[{\"@type\":\"ReadAction\",\"target\":[\"http:\\\/\\\/lechappeeclose.it\\\/it\\\/boutique\\\/livres\\\/litterature\\\/romans\\\/le-lys-dans-la-vallee\\\/\"]}]},{\"@type\":\"ImageObject\",\"inLanguage\":\"it-IT\",\"@id\":\"http:\\\/\\\/lechappeeclose.it\\\/it\\\/boutique\\\/livres\\\/litterature\\\/romans\\\/le-lys-dans-la-vallee\\\/#primaryimage\",\"url\":\"http:\\\/\\\/lechappeeclose.it\\\/wp-content\\\/uploads\\\/2025\\\/02\\\/Le-lys-dans-la-vallee.jpg\",\"contentUrl\":\"http:\\\/\\\/lechappeeclose.it\\\/wp-content\\\/uploads\\\/2025\\\/02\\\/Le-lys-dans-la-vallee.jpg\",\"width\":300,\"height\":500},{\"@type\":\"BreadcrumbList\",\"@id\":\"http:\\\/\\\/lechappeeclose.it\\\/it\\\/boutique\\\/livres\\\/litterature\\\/romans\\\/le-lys-dans-la-vallee\\\/#breadcrumb\",\"itemListElement\":[{\"@type\":\"ListItem\",\"position\":1,\"name\":\"Accueil\",\"item\":\"http:\\\/\\\/lechappeeclose.it\\\/\"},{\"@type\":\"ListItem\",\"position\":2,\"name\":\"Boutique\",\"item\":\"http:\\\/\\\/lechappeeclose.it\\\/boutique\\\/\"},{\"@type\":\"ListItem\",\"position\":3,\"name\":\"Le lys dans la vall\u00e9e\"}]},{\"@type\":\"WebSite\",\"@id\":\"http:\\\/\\\/lechappeeclose.it\\\/#website\",\"url\":\"http:\\\/\\\/lechappeeclose.it\\\/\",\"name\":\"l&#039;\u00e9chapp\u00e9e close\",\"description\":\"la librairie fran\u00e7aise de Milan\",\"publisher\":{\"@id\":\"http:\\\/\\\/lechappeeclose.it\\\/#organization\"},\"alternateName\":\"La librairie fran\u00e7aise de Milan\",\"potentialAction\":[{\"@type\":\"SearchAction\",\"target\":{\"@type\":\"EntryPoint\",\"urlTemplate\":\"http:\\\/\\\/lechappeeclose.it\\\/?s={search_term_string}\"},\"query-input\":{\"@type\":\"PropertyValueSpecification\",\"valueRequired\":true,\"valueName\":\"search_term_string\"}}],\"inLanguage\":\"it-IT\"},{\"@type\":\"Organization\",\"@id\":\"http:\\\/\\\/lechappeeclose.it\\\/#organization\",\"name\":\"l&#039;\u00e9chapp\u00e9e close\",\"url\":\"http:\\\/\\\/lechappeeclose.it\\\/\",\"logo\":{\"@type\":\"ImageObject\",\"inLanguage\":\"it-IT\",\"@id\":\"http:\\\/\\\/lechappeeclose.it\\\/#\\\/schema\\\/logo\\\/image\\\/\",\"url\":\"http:\\\/\\\/lechappeeclose.it\\\/wp-content\\\/uploads\\\/2025\\\/02\\\/cropped-logo-rond.png\",\"contentUrl\":\"http:\\\/\\\/lechappeeclose.it\\\/wp-content\\\/uploads\\\/2025\\\/02\\\/cropped-logo-rond.png\",\"width\":1080,\"height\":1080,\"caption\":\"l&#039;\u00e9chapp\u00e9e close\"},\"image\":{\"@id\":\"http:\\\/\\\/lechappeeclose.it\\\/#\\\/schema\\\/logo\\\/image\\\/\"},\"sameAs\":[\"https:\\\/\\\/www.instagram.com\\\/lechappeeclose\\\/\"]}]}<\/script>\n<!-- \/ Yoast SEO plugin. -->","yoast_head_json":{"title":"Le lys dans la vall\u00e9e - l&#039;\u00e9chapp\u00e9e close","robots":{"index":"index","follow":"follow","max-snippet":"max-snippet:-1","max-image-preview":"max-image-preview:large","max-video-preview":"max-video-preview:-1"},"canonical":"http:\/\/lechappeeclose.it\/it\/boutique\/livres\/litterature\/romans\/le-lys-dans-la-vallee\/","og_locale":"it_IT","og_type":"article","og_title":"Le lys dans la vall\u00e9e - l&#039;\u00e9chapp\u00e9e close","og_description":"\u00c0 la demande de la comtesse Natalie de Manerville, dont il est \u00e9pris, F\u00e9lix de Vandenesse relate sa premi\u00e8re passion, celle qui le lia, dans sa jeunesse, \u00e0 la vertueuse Henriette de Mortsauf. Mais peut-on sans cons\u00e9quence raconter un amour pass\u00e9, f\u00fbt-il platonique, \u00e0 l&#8217;\u00eatre qu&#8217;on aime? Ainsi que l&#8217;\u00e9crit Catherine Millet: &#8220;Je tire de [&hellip;]","og_url":"http:\/\/lechappeeclose.it\/it\/boutique\/livres\/litterature\/romans\/le-lys-dans-la-vallee\/","og_site_name":"l&#039;\u00e9chapp\u00e9e close","article_modified_time":"2025-02-05T10:46:24+00:00","og_image":[{"width":300,"height":500,"url":"http:\/\/lechappeeclose.it\/wp-content\/uploads\/2025\/02\/Le-lys-dans-la-vallee.jpg","type":"image\/jpeg"}],"twitter_card":"summary_large_image","twitter_misc":{"Tempo di lettura stimato":"1 minuto"},"schema":{"@context":"https:\/\/schema.org","@graph":[{"@type":"WebPage","@id":"http:\/\/lechappeeclose.it\/it\/boutique\/livres\/litterature\/romans\/le-lys-dans-la-vallee\/","url":"http:\/\/lechappeeclose.it\/it\/boutique\/livres\/litterature\/romans\/le-lys-dans-la-vallee\/","name":"Le lys dans la vall\u00e9e - l&#039;\u00e9chapp\u00e9e close","isPartOf":{"@id":"http:\/\/lechappeeclose.it\/#website"},"primaryImageOfPage":{"@id":"http:\/\/lechappeeclose.it\/it\/boutique\/livres\/litterature\/romans\/le-lys-dans-la-vallee\/#primaryimage"},"image":{"@id":"http:\/\/lechappeeclose.it\/it\/boutique\/livres\/litterature\/romans\/le-lys-dans-la-vallee\/#primaryimage"},"thumbnailUrl":"http:\/\/lechappeeclose.it\/wp-content\/uploads\/2025\/02\/Le-lys-dans-la-vallee.jpg","datePublished":"2025-02-05T10:46:07+00:00","dateModified":"2025-02-05T10:46:24+00:00","breadcrumb":{"@id":"http:\/\/lechappeeclose.it\/it\/boutique\/livres\/litterature\/romans\/le-lys-dans-la-vallee\/#breadcrumb"},"inLanguage":"it-IT","potentialAction":[{"@type":"ReadAction","target":["http:\/\/lechappeeclose.it\/it\/boutique\/livres\/litterature\/romans\/le-lys-dans-la-vallee\/"]}]},{"@type":"ImageObject","inLanguage":"it-IT","@id":"http:\/\/lechappeeclose.it\/it\/boutique\/livres\/litterature\/romans\/le-lys-dans-la-vallee\/#primaryimage","url":"http:\/\/lechappeeclose.it\/wp-content\/uploads\/2025\/02\/Le-lys-dans-la-vallee.jpg","contentUrl":"http:\/\/lechappeeclose.it\/wp-content\/uploads\/2025\/02\/Le-lys-dans-la-vallee.jpg","width":300,"height":500},{"@type":"BreadcrumbList","@id":"http:\/\/lechappeeclose.it\/it\/boutique\/livres\/litterature\/romans\/le-lys-dans-la-vallee\/#breadcrumb","itemListElement":[{"@type":"ListItem","position":1,"name":"Accueil","item":"http:\/\/lechappeeclose.it\/"},{"@type":"ListItem","position":2,"name":"Boutique","item":"http:\/\/lechappeeclose.it\/boutique\/"},{"@type":"ListItem","position":3,"name":"Le lys dans la vall\u00e9e"}]},{"@type":"WebSite","@id":"http:\/\/lechappeeclose.it\/#website","url":"http:\/\/lechappeeclose.it\/","name":"l&#039;\u00e9chapp\u00e9e close","description":"La libreria francese di Milano","publisher":{"@id":"http:\/\/lechappeeclose.it\/#organization"},"alternateName":"La librairie fran\u00e7aise de Milan","potentialAction":[{"@type":"SearchAction","target":{"@type":"EntryPoint","urlTemplate":"http:\/\/lechappeeclose.it\/?s={search_term_string}"},"query-input":{"@type":"PropertyValueSpecification","valueRequired":true,"valueName":"search_term_string"}}],"inLanguage":"it-IT"},{"@type":"Organization","@id":"http:\/\/lechappeeclose.it\/#organization","name":"l&#039;\u00e9chapp\u00e9e close","url":"http:\/\/lechappeeclose.it\/","logo":{"@type":"ImageObject","inLanguage":"it-IT","@id":"http:\/\/lechappeeclose.it\/#\/schema\/logo\/image\/","url":"http:\/\/lechappeeclose.it\/wp-content\/uploads\/2025\/02\/cropped-logo-rond.png","contentUrl":"http:\/\/lechappeeclose.it\/wp-content\/uploads\/2025\/02\/cropped-logo-rond.png","width":1080,"height":1080,"caption":"l&#039;\u00e9chapp\u00e9e close"},"image":{"@id":"http:\/\/lechappeeclose.it\/#\/schema\/logo\/image\/"},"sameAs":["https:\/\/www.instagram.com\/lechappeeclose\/"]}]}},"_links":{"self":[{"href":"http:\/\/lechappeeclose.it\/it\/wp-json\/wp\/v2\/product\/5191","targetHints":{"allow":["GET"]}}],"collection":[{"href":"http:\/\/lechappeeclose.it\/it\/wp-json\/wp\/v2\/product"}],"about":[{"href":"http:\/\/lechappeeclose.it\/it\/wp-json\/wp\/v2\/types\/product"}],"replies":[{"embeddable":true,"href":"http:\/\/lechappeeclose.it\/it\/wp-json\/wp\/v2\/comments?post=5191"}],"wp:featuredmedia":[{"embeddable":true,"href":"http:\/\/lechappeeclose.it\/it\/wp-json\/wp\/v2\/media\/5190"}],"wp:attachment":[{"href":"http:\/\/lechappeeclose.it\/it\/wp-json\/wp\/v2\/media?parent=5191"}],"wp:term":[{"taxonomy":"product_brand","embeddable":true,"href":"http:\/\/lechappeeclose.it\/it\/wp-json\/wp\/v2\/product_brand?post=5191"},{"taxonomy":"product_cat","embeddable":true,"href":"http:\/\/lechappeeclose.it\/it\/wp-json\/wp\/v2\/product_cat?post=5191"},{"taxonomy":"product_tag","embeddable":true,"href":"http:\/\/lechappeeclose.it\/it\/wp-json\/wp\/v2\/product_tag?post=5191"}],"curies":[{"name":"wp","href":"https:\/\/api.w.org\/{rel}","templated":true}]}}