{"id":4219,"date":"2025-01-31T16:41:26","date_gmt":"2025-01-31T15:41:26","guid":{"rendered":"https:\/\/lechappeeclose.it\/produit\/mon-vieux-guerif-lettres-et-dedicaces-pour-collectionneurs-avertis\/"},"modified":"2025-01-31T16:41:26","modified_gmt":"2025-01-31T15:41:26","slug":"mon-vieux-guerif-lettres-et-dedicaces-pour-collectionneurs-avertis","status":"publish","type":"product","link":"http:\/\/lechappeeclose.it\/it\/boutique\/livres\/litterature\/polars\/mon-vieux-guerif-lettres-et-dedicaces-pour-collectionneurs-avertis\/","title":{"rendered":"Mon vieux Gu\u00e9rif: Lettres et d\u00e9dicaces pour collectionneurs avertis"},"content":{"rendered":"<p>En 1972, un jeune \u00e9diteur de vingt-huit ans prend contact avec un \u00e9crivain un peu oubli\u00e9 qui en a soixante-trois. L\u2019un est un passionn\u00e9, \u00e0 la recherche d\u2019incunables publi\u00e9s sous pseudonyme, l\u2019autre un sauvage qui, cependant, se pique au jeu, et voit rena\u00eetre une part oubli\u00e9e de son \u0153uvre. Au \u00ab\u00a0Cher Monsieur\u00a0\u00bb des premiers \u00e9changes succ\u00e8de vite un \u00ab\u00a0Mon vieux Gu\u00e9rif\u00a0\u00bb, qui devient une tradition. Fran\u00e7ois Gu\u00e9rif sera l\u2019\u00e9diteur de Malet, et leur amiti\u00e9 se poursuivra jusqu\u2019\u00e0 la mort de l\u2019\u00e9crivain.\u00a0Dans ses lettres, L\u00e9o Malet ressemble \u00e9trangement \u00e0 son h\u00e9ros Nestor Burma\u00a0: ironique, caract\u00e9riel, tendre et filou, avec un go\u00fbt prononc\u00e9 pour l\u2019\u00e9rotisme.\u00a0?Les savoureuses d\u00e9dicaces-collages n\u00e9o-surr\u00e9alistes de L\u00e9o Malet \u00e0 Fran\u00e7ois Gu\u00e9rif t\u00e9moignent de la complicit\u00e9 qui unit les deux hommes.<\/p>","protected":false},"excerpt":{"rendered":"<p>En 1972, un jeune \u00e9diteur de vingt-huit ans prend contact avec un \u00e9crivain un peu oubli\u00e9 qui en a soixante-trois. L\u2019un est un passionn\u00e9, \u00e0 la recherche d\u2019incunables publi\u00e9s sous pseudonyme, l\u2019autre un sauvage qui, cependant, se pique au jeu, et voit rena\u00eetre une part oubli\u00e9e de son \u0153uvre. Au \u00ab\u00a0Cher Monsieur\u00a0\u00bb des premiers \u00e9changes [&hellip;]<\/p>","protected":false},"featured_media":4218,"comment_status":"open","ping_status":"closed","template":"","meta":[],"product_brand":[],"product_cat":[47],"product_tag":[],"class_list":{"0":"post-4219","1":"product","2":"type-product","3":"status-publish","4":"has-post-thumbnail","6":"product_cat-polars","8":"first","9":"instock","10":"taxable","11":"shipping-taxable","12":"purchasable","13":"product-type-simple"},"yoast_head":"<!-- This site is optimized with the Yoast SEO plugin v27.5 - https:\/\/yoast.com\/product\/yoast-seo-wordpress\/ -->\n<title>Mon vieux Gu\u00e9rif: Lettres et d\u00e9dicaces pour collectionneurs avertis - l&#039;\u00e9chapp\u00e9e close<\/title>\n<meta name=\"robots\" content=\"index, follow, max-snippet:-1, max-image-preview:large, max-video-preview:-1\" \/>\n<link rel=\"canonical\" href=\"http:\/\/lechappeeclose.it\/it\/boutique\/livres\/litterature\/polars\/mon-vieux-guerif-lettres-et-dedicaces-pour-collectionneurs-avertis\/\" \/>\n<meta property=\"og:locale\" content=\"it_IT\" \/>\n<meta property=\"og:type\" content=\"article\" \/>\n<meta property=\"og:title\" content=\"Mon vieux Gu\u00e9rif: Lettres et d\u00e9dicaces pour collectionneurs avertis - l&#039;\u00e9chapp\u00e9e close\" \/>\n<meta property=\"og:description\" content=\"En 1972, un jeune \u00e9diteur de vingt-huit ans prend contact avec un \u00e9crivain un peu oubli\u00e9 qui en a soixante-trois. L\u2019un est un passionn\u00e9, \u00e0 la recherche d\u2019incunables publi\u00e9s sous pseudonyme, l\u2019autre un sauvage qui, cependant, se pique au jeu, et voit rena\u00eetre une part oubli\u00e9e de son \u0153uvre. Au \u00ab\u00a0Cher Monsieur\u00a0\u00bb des premiers \u00e9changes [&hellip;]\" \/>\n<meta property=\"og:url\" content=\"http:\/\/lechappeeclose.it\/it\/boutique\/livres\/litterature\/polars\/mon-vieux-guerif-lettres-et-dedicaces-pour-collectionneurs-avertis\/\" \/>\n<meta property=\"og:site_name\" content=\"l&#039;\u00e9chapp\u00e9e close\" \/>\n<meta property=\"og:image\" content=\"http:\/\/lechappeeclose.it\/wp-content\/uploads\/2025\/01\/Mon-vieux-Guerif-Lettres-et-dedicaces-pour-collectionneurs-avertis.jpg\" \/>\n\t<meta property=\"og:image:width\" content=\"352\" \/>\n\t<meta property=\"og:image:height\" content=\"500\" \/>\n\t<meta property=\"og:image:type\" content=\"image\/jpeg\" \/>\n<meta name=\"twitter:card\" content=\"summary_large_image\" \/>\n<meta name=\"twitter:label1\" content=\"Tempo di lettura stimato\" \/>\n\t<meta name=\"twitter:data1\" content=\"1 minuto\" \/>\n<script type=\"application\/ld+json\" class=\"yoast-schema-graph\">{\"@context\":\"https:\\\/\\\/schema.org\",\"@graph\":[{\"@type\":\"WebPage\",\"@id\":\"http:\\\/\\\/lechappeeclose.it\\\/boutique\\\/livres\\\/litterature\\\/polars\\\/mon-vieux-guerif-lettres-et-dedicaces-pour-collectionneurs-avertis\\\/\",\"url\":\"http:\\\/\\\/lechappeeclose.it\\\/boutique\\\/livres\\\/litterature\\\/polars\\\/mon-vieux-guerif-lettres-et-dedicaces-pour-collectionneurs-avertis\\\/\",\"name\":\"Mon vieux Gu\u00e9rif: Lettres et d\u00e9dicaces pour collectionneurs avertis - l&#039;\u00e9chapp\u00e9e close\",\"isPartOf\":{\"@id\":\"http:\\\/\\\/lechappeeclose.it\\\/#website\"},\"primaryImageOfPage\":{\"@id\":\"http:\\\/\\\/lechappeeclose.it\\\/boutique\\\/livres\\\/litterature\\\/polars\\\/mon-vieux-guerif-lettres-et-dedicaces-pour-collectionneurs-avertis\\\/#primaryimage\"},\"image\":{\"@id\":\"http:\\\/\\\/lechappeeclose.it\\\/boutique\\\/livres\\\/litterature\\\/polars\\\/mon-vieux-guerif-lettres-et-dedicaces-pour-collectionneurs-avertis\\\/#primaryimage\"},\"thumbnailUrl\":\"http:\\\/\\\/lechappeeclose.it\\\/wp-content\\\/uploads\\\/2025\\\/01\\\/Mon-vieux-Guerif-Lettres-et-dedicaces-pour-collectionneurs-avertis.jpg\",\"datePublished\":\"2025-01-31T15:41:26+00:00\",\"breadcrumb\":{\"@id\":\"http:\\\/\\\/lechappeeclose.it\\\/boutique\\\/livres\\\/litterature\\\/polars\\\/mon-vieux-guerif-lettres-et-dedicaces-pour-collectionneurs-avertis\\\/#breadcrumb\"},\"inLanguage\":\"it-IT\",\"potentialAction\":[{\"@type\":\"ReadAction\",\"target\":[\"http:\\\/\\\/lechappeeclose.it\\\/boutique\\\/livres\\\/litterature\\\/polars\\\/mon-vieux-guerif-lettres-et-dedicaces-pour-collectionneurs-avertis\\\/\"]}]},{\"@type\":\"ImageObject\",\"inLanguage\":\"it-IT\",\"@id\":\"http:\\\/\\\/lechappeeclose.it\\\/boutique\\\/livres\\\/litterature\\\/polars\\\/mon-vieux-guerif-lettres-et-dedicaces-pour-collectionneurs-avertis\\\/#primaryimage\",\"url\":\"http:\\\/\\\/lechappeeclose.it\\\/wp-content\\\/uploads\\\/2025\\\/01\\\/Mon-vieux-Guerif-Lettres-et-dedicaces-pour-collectionneurs-avertis.jpg\",\"contentUrl\":\"http:\\\/\\\/lechappeeclose.it\\\/wp-content\\\/uploads\\\/2025\\\/01\\\/Mon-vieux-Guerif-Lettres-et-dedicaces-pour-collectionneurs-avertis.jpg\",\"width\":352,\"height\":500},{\"@type\":\"BreadcrumbList\",\"@id\":\"http:\\\/\\\/lechappeeclose.it\\\/boutique\\\/livres\\\/litterature\\\/polars\\\/mon-vieux-guerif-lettres-et-dedicaces-pour-collectionneurs-avertis\\\/#breadcrumb\",\"itemListElement\":[{\"@type\":\"ListItem\",\"position\":1,\"name\":\"Accueil\",\"item\":\"http:\\\/\\\/lechappeeclose.it\\\/\"},{\"@type\":\"ListItem\",\"position\":2,\"name\":\"Boutique\",\"item\":\"http:\\\/\\\/lechappeeclose.it\\\/it\\\/boutique\\\/\"},{\"@type\":\"ListItem\",\"position\":3,\"name\":\"Mon vieux Gu\u00e9rif: Lettres et d\u00e9dicaces pour collectionneurs avertis\"}]},{\"@type\":\"WebSite\",\"@id\":\"http:\\\/\\\/lechappeeclose.it\\\/#website\",\"url\":\"http:\\\/\\\/lechappeeclose.it\\\/\",\"name\":\"l&#039;\u00e9chapp\u00e9e close\",\"description\":\"la librairie fran\u00e7aise de Milan\",\"publisher\":{\"@id\":\"http:\\\/\\\/lechappeeclose.it\\\/#organization\"},\"alternateName\":\"La librairie fran\u00e7aise de Milan\",\"potentialAction\":[{\"@type\":\"SearchAction\",\"target\":{\"@type\":\"EntryPoint\",\"urlTemplate\":\"http:\\\/\\\/lechappeeclose.it\\\/?s={search_term_string}\"},\"query-input\":{\"@type\":\"PropertyValueSpecification\",\"valueRequired\":true,\"valueName\":\"search_term_string\"}}],\"inLanguage\":\"it-IT\"},{\"@type\":\"Organization\",\"@id\":\"http:\\\/\\\/lechappeeclose.it\\\/#organization\",\"name\":\"l&#039;\u00e9chapp\u00e9e close\",\"url\":\"http:\\\/\\\/lechappeeclose.it\\\/\",\"logo\":{\"@type\":\"ImageObject\",\"inLanguage\":\"it-IT\",\"@id\":\"http:\\\/\\\/lechappeeclose.it\\\/#\\\/schema\\\/logo\\\/image\\\/\",\"url\":\"http:\\\/\\\/lechappeeclose.it\\\/wp-content\\\/uploads\\\/2025\\\/02\\\/cropped-logo-rond.png\",\"contentUrl\":\"http:\\\/\\\/lechappeeclose.it\\\/wp-content\\\/uploads\\\/2025\\\/02\\\/cropped-logo-rond.png\",\"width\":1080,\"height\":1080,\"caption\":\"l&#039;\u00e9chapp\u00e9e close\"},\"image\":{\"@id\":\"http:\\\/\\\/lechappeeclose.it\\\/#\\\/schema\\\/logo\\\/image\\\/\"},\"sameAs\":[\"https:\\\/\\\/www.instagram.com\\\/lechappeeclose\\\/\"]}]}<\/script>\n<!-- \/ Yoast SEO plugin. -->","yoast_head_json":{"title":"Mon vieux Gu\u00e9rif: Lettres et d\u00e9dicaces pour collectionneurs avertis - l&#039;\u00e9chapp\u00e9e close","robots":{"index":"index","follow":"follow","max-snippet":"max-snippet:-1","max-image-preview":"max-image-preview:large","max-video-preview":"max-video-preview:-1"},"canonical":"http:\/\/lechappeeclose.it\/it\/boutique\/livres\/litterature\/polars\/mon-vieux-guerif-lettres-et-dedicaces-pour-collectionneurs-avertis\/","og_locale":"it_IT","og_type":"article","og_title":"Mon vieux Gu\u00e9rif: Lettres et d\u00e9dicaces pour collectionneurs avertis - l&#039;\u00e9chapp\u00e9e close","og_description":"En 1972, un jeune \u00e9diteur de vingt-huit ans prend contact avec un \u00e9crivain un peu oubli\u00e9 qui en a soixante-trois. L\u2019un est un passionn\u00e9, \u00e0 la recherche d\u2019incunables publi\u00e9s sous pseudonyme, l\u2019autre un sauvage qui, cependant, se pique au jeu, et voit rena\u00eetre une part oubli\u00e9e de son \u0153uvre. Au \u00ab\u00a0Cher Monsieur\u00a0\u00bb des premiers \u00e9changes [&hellip;]","og_url":"http:\/\/lechappeeclose.it\/it\/boutique\/livres\/litterature\/polars\/mon-vieux-guerif-lettres-et-dedicaces-pour-collectionneurs-avertis\/","og_site_name":"l&#039;\u00e9chapp\u00e9e close","og_image":[{"width":352,"height":500,"url":"http:\/\/lechappeeclose.it\/wp-content\/uploads\/2025\/01\/Mon-vieux-Guerif-Lettres-et-dedicaces-pour-collectionneurs-avertis.jpg","type":"image\/jpeg"}],"twitter_card":"summary_large_image","twitter_misc":{"Tempo di lettura stimato":"1 minuto"},"schema":{"@context":"https:\/\/schema.org","@graph":[{"@type":"WebPage","@id":"http:\/\/lechappeeclose.it\/boutique\/livres\/litterature\/polars\/mon-vieux-guerif-lettres-et-dedicaces-pour-collectionneurs-avertis\/","url":"http:\/\/lechappeeclose.it\/boutique\/livres\/litterature\/polars\/mon-vieux-guerif-lettres-et-dedicaces-pour-collectionneurs-avertis\/","name":"Mon vieux Gu\u00e9rif: Lettres et d\u00e9dicaces pour collectionneurs avertis - l&#039;\u00e9chapp\u00e9e close","isPartOf":{"@id":"http:\/\/lechappeeclose.it\/#website"},"primaryImageOfPage":{"@id":"http:\/\/lechappeeclose.it\/boutique\/livres\/litterature\/polars\/mon-vieux-guerif-lettres-et-dedicaces-pour-collectionneurs-avertis\/#primaryimage"},"image":{"@id":"http:\/\/lechappeeclose.it\/boutique\/livres\/litterature\/polars\/mon-vieux-guerif-lettres-et-dedicaces-pour-collectionneurs-avertis\/#primaryimage"},"thumbnailUrl":"http:\/\/lechappeeclose.it\/wp-content\/uploads\/2025\/01\/Mon-vieux-Guerif-Lettres-et-dedicaces-pour-collectionneurs-avertis.jpg","datePublished":"2025-01-31T15:41:26+00:00","breadcrumb":{"@id":"http:\/\/lechappeeclose.it\/boutique\/livres\/litterature\/polars\/mon-vieux-guerif-lettres-et-dedicaces-pour-collectionneurs-avertis\/#breadcrumb"},"inLanguage":"it-IT","potentialAction":[{"@type":"ReadAction","target":["http:\/\/lechappeeclose.it\/boutique\/livres\/litterature\/polars\/mon-vieux-guerif-lettres-et-dedicaces-pour-collectionneurs-avertis\/"]}]},{"@type":"ImageObject","inLanguage":"it-IT","@id":"http:\/\/lechappeeclose.it\/boutique\/livres\/litterature\/polars\/mon-vieux-guerif-lettres-et-dedicaces-pour-collectionneurs-avertis\/#primaryimage","url":"http:\/\/lechappeeclose.it\/wp-content\/uploads\/2025\/01\/Mon-vieux-Guerif-Lettres-et-dedicaces-pour-collectionneurs-avertis.jpg","contentUrl":"http:\/\/lechappeeclose.it\/wp-content\/uploads\/2025\/01\/Mon-vieux-Guerif-Lettres-et-dedicaces-pour-collectionneurs-avertis.jpg","width":352,"height":500},{"@type":"BreadcrumbList","@id":"http:\/\/lechappeeclose.it\/boutique\/livres\/litterature\/polars\/mon-vieux-guerif-lettres-et-dedicaces-pour-collectionneurs-avertis\/#breadcrumb","itemListElement":[{"@type":"ListItem","position":1,"name":"Accueil","item":"http:\/\/lechappeeclose.it\/"},{"@type":"ListItem","position":2,"name":"Boutique","item":"http:\/\/lechappeeclose.it\/it\/boutique\/"},{"@type":"ListItem","position":3,"name":"Mon vieux Gu\u00e9rif: Lettres et d\u00e9dicaces pour collectionneurs avertis"}]},{"@type":"WebSite","@id":"http:\/\/lechappeeclose.it\/#website","url":"http:\/\/lechappeeclose.it\/","name":"l&#039;\u00e9chapp\u00e9e close","description":"La libreria francese di Milano","publisher":{"@id":"http:\/\/lechappeeclose.it\/#organization"},"alternateName":"La librairie fran\u00e7aise de Milan","potentialAction":[{"@type":"SearchAction","target":{"@type":"EntryPoint","urlTemplate":"http:\/\/lechappeeclose.it\/?s={search_term_string}"},"query-input":{"@type":"PropertyValueSpecification","valueRequired":true,"valueName":"search_term_string"}}],"inLanguage":"it-IT"},{"@type":"Organization","@id":"http:\/\/lechappeeclose.it\/#organization","name":"l&#039;\u00e9chapp\u00e9e close","url":"http:\/\/lechappeeclose.it\/","logo":{"@type":"ImageObject","inLanguage":"it-IT","@id":"http:\/\/lechappeeclose.it\/#\/schema\/logo\/image\/","url":"http:\/\/lechappeeclose.it\/wp-content\/uploads\/2025\/02\/cropped-logo-rond.png","contentUrl":"http:\/\/lechappeeclose.it\/wp-content\/uploads\/2025\/02\/cropped-logo-rond.png","width":1080,"height":1080,"caption":"l&#039;\u00e9chapp\u00e9e close"},"image":{"@id":"http:\/\/lechappeeclose.it\/#\/schema\/logo\/image\/"},"sameAs":["https:\/\/www.instagram.com\/lechappeeclose\/"]}]}},"_links":{"self":[{"href":"http:\/\/lechappeeclose.it\/it\/wp-json\/wp\/v2\/product\/4219","targetHints":{"allow":["GET"]}}],"collection":[{"href":"http:\/\/lechappeeclose.it\/it\/wp-json\/wp\/v2\/product"}],"about":[{"href":"http:\/\/lechappeeclose.it\/it\/wp-json\/wp\/v2\/types\/product"}],"replies":[{"embeddable":true,"href":"http:\/\/lechappeeclose.it\/it\/wp-json\/wp\/v2\/comments?post=4219"}],"wp:featuredmedia":[{"embeddable":true,"href":"http:\/\/lechappeeclose.it\/it\/wp-json\/wp\/v2\/media\/4218"}],"wp:attachment":[{"href":"http:\/\/lechappeeclose.it\/it\/wp-json\/wp\/v2\/media?parent=4219"}],"wp:term":[{"taxonomy":"product_brand","embeddable":true,"href":"http:\/\/lechappeeclose.it\/it\/wp-json\/wp\/v2\/product_brand?post=4219"},{"taxonomy":"product_cat","embeddable":true,"href":"http:\/\/lechappeeclose.it\/it\/wp-json\/wp\/v2\/product_cat?post=4219"},{"taxonomy":"product_tag","embeddable":true,"href":"http:\/\/lechappeeclose.it\/it\/wp-json\/wp\/v2\/product_tag?post=4219"}],"curies":[{"name":"wp","href":"https:\/\/api.w.org\/{rel}","templated":true}]}}