{"id":3258,"date":"2025-01-30T13:36:34","date_gmt":"2025-01-30T12:36:34","guid":{"rendered":"https:\/\/lechappeeclose.it\/produit\/lespace-des-images-art-et-culture-visuelle-en-italie\/"},"modified":"2025-01-30T13:36:34","modified_gmt":"2025-01-30T12:36:34","slug":"lespace-des-images-art-et-culture-visuelle-en-italie","status":"publish","type":"product","link":"http:\/\/lechappeeclose.it\/it\/boutique\/livres\/arts\/essais\/lespace-des-images-art-et-culture-visuelle-en-italie\/","title":{"rendered":"L&#8217;espace des images. Art et culture visuelle en Italie"},"content":{"rendered":"<p>Les publications sur l\u2019art italien contemporain sont rares. Cet ouvrage collectif\u00a0: L\u2019espace des images. Art et culture visuelle en Italie 1960-1975 vient combler un vide \u00e9ditorial en France sur ce sujet, \u00e0 l\u2019exception de certains travaux r\u00e9cents portant plus particuli\u00e8rement sur l\u2019Arte Povera. Or, pendant ces quinze ann\u00e9es, l\u2019Italie a connu une p\u00e9riode particuli\u00e8rement fertile et riche culturellement, travers\u00e9e par des renouveaux artistiques, litt\u00e9raires et cin\u00e9matographiques encore \u00e0 l\u2019\u0153uvre aujourd\u2019hui.\u00a0Ce livre entend faire un \u00e9tat de cette situation en r\u00e9unissant des travaux r\u00e9cents de chercheuses et chercheurs italien.enne.s, fran\u00e7ais.e.s et am\u00e9ricain.e.s travaillant sur ces questions et qui ont contribu\u00e9 \u00e0 en apporter une nouvelle lecture.\u00a0Issues d\u2019un colloque qui s\u2019est tenu en 2019 entre Rome (Acad\u00e9mie de France \u00e0 Rome-Villa M\u00e9dicis)et Paris (Institut culturel italien), les contributions ont \u00e9t\u00e9 s\u00e9lectionn\u00e9es pour faire de ce livre un v\u00e9ritable ouvrage collectif, riche de ces multiples contributions, qui propose des relectures de l\u2019\u0153uvre d\u2019artistes bien connus (Alberto Burri, Federico Fellini, Pier Paolo Pasolini), ainsi que des red\u00e9couvertes de figures jusqu\u2019\u00e0 maintenant peu \u00e9tudi\u00e9es (Cloti Ricciardi, Eliseo Mattiacci, Paul Thek), des analyses th\u00e9matiques, des rapprochements in\u00e9dits entre le monde artistique et la production cin\u00e9matographique et litt\u00e9raire. Dans leur ensemble, les essais mettent en lumi\u00e8re de nouvelles cl\u00e9s d\u2019interpr\u00e9tation d\u2019un paysage artistique qui peut ainsi \u00eatre parcouru en suivant des trajectoires multiples et originales.\u00a0Le titre de l\u2019ouvrage, est un clin d\u2019\u0153il \u00e0 la premi\u00e8re grande exposition sur l\u2019art de l\u2019installation et de l\u2019environnement en Italie\u00a0: \u00ab\u00a0Lo spazio dell\u2019immagine\u00a0\u00bb (\u00ab\u00a0L\u2019espace de l\u2019image\u00a0\u00bb), qui s\u2019est tenue en Italie \u00e0 Foligno, en Ombrie, pendant l\u2019\u00e9t\u00e9 1967 au Plazzo Trinci dont la couverture du catalogue reprenait l\u2019image de l\u2019\u0153uf suspendu de la Pala di Brera de Piero della Francesca (1472-74).Une introduction et treize textes accompagn\u00e9s d\u2019illustrations et d\u2019une bibliographie de r\u00e9f\u00e9rence constituent cet ouvrage qui para\u00eetra \u00e0 l\u2019occasion de l\u2019exposition \u00ab\u00a0Vita Nuova\u00a0: Nouveaux enjeux de l\u2019art en Italie 1960-1975\u00a0\u00bb au Mus\u00e9e d\u2019art moderne et contemporain de Nice (MAMAC) (14 mai-2 octobre 2022), ce qui permettra \u00e0 ce livre de trouver sa pleine place \u00e9ditoriale en \u00e9cho \u00e0 l\u2019exposition.<\/p>","protected":false},"excerpt":{"rendered":"<p>Les publications sur l\u2019art italien contemporain sont rares. Cet ouvrage collectif\u00a0: L\u2019espace des images. Art et culture visuelle en Italie 1960-1975 vient combler un vide \u00e9ditorial en France sur ce sujet, \u00e0 l\u2019exception de certains travaux r\u00e9cents portant plus particuli\u00e8rement sur l\u2019Arte Povera. Or, pendant ces quinze ann\u00e9es, l\u2019Italie a connu une p\u00e9riode particuli\u00e8rement fertile [&hellip;]<\/p>","protected":false},"featured_media":3257,"comment_status":"open","ping_status":"closed","template":"","meta":[],"product_brand":[],"product_cat":[208],"product_tag":[],"class_list":{"0":"post-3258","1":"product","2":"type-product","3":"status-publish","4":"has-post-thumbnail","6":"product_cat-essais","8":"first","9":"instock","10":"taxable","11":"shipping-taxable","12":"purchasable","13":"product-type-simple"},"yoast_head":"<!-- This site is optimized with the Yoast SEO plugin v27.5 - https:\/\/yoast.com\/product\/yoast-seo-wordpress\/ -->\n<title>L&#039;espace des images. Art et culture visuelle en Italie - l&#039;\u00e9chapp\u00e9e close<\/title>\n<meta name=\"robots\" content=\"index, follow, max-snippet:-1, max-image-preview:large, max-video-preview:-1\" \/>\n<link rel=\"canonical\" href=\"http:\/\/lechappeeclose.it\/it\/boutique\/livres\/arts\/essais\/lespace-des-images-art-et-culture-visuelle-en-italie\/\" \/>\n<meta property=\"og:locale\" content=\"it_IT\" \/>\n<meta property=\"og:type\" content=\"article\" \/>\n<meta property=\"og:title\" content=\"L&#039;espace des images. Art et culture visuelle en Italie - l&#039;\u00e9chapp\u00e9e close\" \/>\n<meta property=\"og:description\" content=\"Les publications sur l\u2019art italien contemporain sont rares. Cet ouvrage collectif\u00a0: L\u2019espace des images. Art et culture visuelle en Italie 1960-1975 vient combler un vide \u00e9ditorial en France sur ce sujet, \u00e0 l\u2019exception de certains travaux r\u00e9cents portant plus particuli\u00e8rement sur l\u2019Arte Povera. Or, pendant ces quinze ann\u00e9es, l\u2019Italie a connu une p\u00e9riode particuli\u00e8rement fertile [&hellip;]\" \/>\n<meta property=\"og:url\" content=\"http:\/\/lechappeeclose.it\/it\/boutique\/livres\/arts\/essais\/lespace-des-images-art-et-culture-visuelle-en-italie\/\" \/>\n<meta property=\"og:site_name\" content=\"l&#039;\u00e9chapp\u00e9e close\" \/>\n<meta property=\"og:image\" content=\"http:\/\/lechappeeclose.it\/wp-content\/uploads\/2025\/01\/Lespace-des-images.-Art-et-culture-visuelle-en-Italie.jpg\" \/>\n\t<meta property=\"og:image:width\" content=\"323\" \/>\n\t<meta property=\"og:image:height\" content=\"500\" \/>\n\t<meta property=\"og:image:type\" content=\"image\/jpeg\" \/>\n<meta name=\"twitter:card\" content=\"summary_large_image\" \/>\n<meta name=\"twitter:label1\" content=\"Tempo di lettura stimato\" \/>\n\t<meta name=\"twitter:data1\" content=\"2 minuti\" \/>\n<script type=\"application\/ld+json\" class=\"yoast-schema-graph\">{\"@context\":\"https:\\\/\\\/schema.org\",\"@graph\":[{\"@type\":\"WebPage\",\"@id\":\"http:\\\/\\\/lechappeeclose.it\\\/boutique\\\/livres\\\/arts\\\/essais\\\/lespace-des-images-art-et-culture-visuelle-en-italie\\\/\",\"url\":\"http:\\\/\\\/lechappeeclose.it\\\/boutique\\\/livres\\\/arts\\\/essais\\\/lespace-des-images-art-et-culture-visuelle-en-italie\\\/\",\"name\":\"L'espace des images. Art et culture visuelle en Italie - l&#039;\u00e9chapp\u00e9e close\",\"isPartOf\":{\"@id\":\"http:\\\/\\\/lechappeeclose.it\\\/it\\\/#website\"},\"primaryImageOfPage\":{\"@id\":\"http:\\\/\\\/lechappeeclose.it\\\/boutique\\\/livres\\\/arts\\\/essais\\\/lespace-des-images-art-et-culture-visuelle-en-italie\\\/#primaryimage\"},\"image\":{\"@id\":\"http:\\\/\\\/lechappeeclose.it\\\/boutique\\\/livres\\\/arts\\\/essais\\\/lespace-des-images-art-et-culture-visuelle-en-italie\\\/#primaryimage\"},\"thumbnailUrl\":\"http:\\\/\\\/lechappeeclose.it\\\/wp-content\\\/uploads\\\/2025\\\/01\\\/Lespace-des-images.-Art-et-culture-visuelle-en-Italie.jpg\",\"datePublished\":\"2025-01-30T12:36:34+00:00\",\"breadcrumb\":{\"@id\":\"http:\\\/\\\/lechappeeclose.it\\\/boutique\\\/livres\\\/arts\\\/essais\\\/lespace-des-images-art-et-culture-visuelle-en-italie\\\/#breadcrumb\"},\"inLanguage\":\"it-IT\",\"potentialAction\":[{\"@type\":\"ReadAction\",\"target\":[\"http:\\\/\\\/lechappeeclose.it\\\/boutique\\\/livres\\\/arts\\\/essais\\\/lespace-des-images-art-et-culture-visuelle-en-italie\\\/\"]}]},{\"@type\":\"ImageObject\",\"inLanguage\":\"it-IT\",\"@id\":\"http:\\\/\\\/lechappeeclose.it\\\/boutique\\\/livres\\\/arts\\\/essais\\\/lespace-des-images-art-et-culture-visuelle-en-italie\\\/#primaryimage\",\"url\":\"http:\\\/\\\/lechappeeclose.it\\\/wp-content\\\/uploads\\\/2025\\\/01\\\/Lespace-des-images.-Art-et-culture-visuelle-en-Italie.jpg\",\"contentUrl\":\"http:\\\/\\\/lechappeeclose.it\\\/wp-content\\\/uploads\\\/2025\\\/01\\\/Lespace-des-images.-Art-et-culture-visuelle-en-Italie.jpg\",\"width\":323,\"height\":500},{\"@type\":\"BreadcrumbList\",\"@id\":\"http:\\\/\\\/lechappeeclose.it\\\/boutique\\\/livres\\\/arts\\\/essais\\\/lespace-des-images-art-et-culture-visuelle-en-italie\\\/#breadcrumb\",\"itemListElement\":[{\"@type\":\"ListItem\",\"position\":1,\"name\":\"Accueil\",\"item\":\"http:\\\/\\\/lechappeeclose.it\\\/it\\\/\"},{\"@type\":\"ListItem\",\"position\":2,\"name\":\"Boutique\",\"item\":\"http:\\\/\\\/lechappeeclose.it\\\/it\\\/boutique\\\/\"},{\"@type\":\"ListItem\",\"position\":3,\"name\":\"L&#8217;espace des images. Art et culture visuelle en Italie\"}]},{\"@type\":\"WebSite\",\"@id\":\"http:\\\/\\\/lechappeeclose.it\\\/it\\\/#website\",\"url\":\"http:\\\/\\\/lechappeeclose.it\\\/it\\\/\",\"name\":\"l&#039;\u00e9chapp\u00e9e close\",\"description\":\"la librairie fran\u00e7aise de Milan\",\"publisher\":{\"@id\":\"http:\\\/\\\/lechappeeclose.it\\\/it\\\/#organization\"},\"alternateName\":\"La librairie fran\u00e7aise de Milan\",\"potentialAction\":[{\"@type\":\"SearchAction\",\"target\":{\"@type\":\"EntryPoint\",\"urlTemplate\":\"http:\\\/\\\/lechappeeclose.it\\\/it\\\/?s={search_term_string}\"},\"query-input\":{\"@type\":\"PropertyValueSpecification\",\"valueRequired\":true,\"valueName\":\"search_term_string\"}}],\"inLanguage\":\"it-IT\"},{\"@type\":\"Organization\",\"@id\":\"http:\\\/\\\/lechappeeclose.it\\\/it\\\/#organization\",\"name\":\"l&#039;\u00e9chapp\u00e9e close\",\"url\":\"http:\\\/\\\/lechappeeclose.it\\\/it\\\/\",\"logo\":{\"@type\":\"ImageObject\",\"inLanguage\":\"it-IT\",\"@id\":\"http:\\\/\\\/lechappeeclose.it\\\/it\\\/#\\\/schema\\\/logo\\\/image\\\/\",\"url\":\"http:\\\/\\\/lechappeeclose.it\\\/wp-content\\\/uploads\\\/2025\\\/02\\\/cropped-logo-rond.png\",\"contentUrl\":\"http:\\\/\\\/lechappeeclose.it\\\/wp-content\\\/uploads\\\/2025\\\/02\\\/cropped-logo-rond.png\",\"width\":1080,\"height\":1080,\"caption\":\"l&#039;\u00e9chapp\u00e9e close\"},\"image\":{\"@id\":\"http:\\\/\\\/lechappeeclose.it\\\/it\\\/#\\\/schema\\\/logo\\\/image\\\/\"},\"sameAs\":[\"https:\\\/\\\/www.instagram.com\\\/lechappeeclose\\\/\"]}]}<\/script>\n<!-- \/ Yoast SEO plugin. -->","yoast_head_json":{"title":"L'espace des images. Art et culture visuelle en Italie - l&#039;\u00e9chapp\u00e9e close","robots":{"index":"index","follow":"follow","max-snippet":"max-snippet:-1","max-image-preview":"max-image-preview:large","max-video-preview":"max-video-preview:-1"},"canonical":"http:\/\/lechappeeclose.it\/it\/boutique\/livres\/arts\/essais\/lespace-des-images-art-et-culture-visuelle-en-italie\/","og_locale":"it_IT","og_type":"article","og_title":"L'espace des images. Art et culture visuelle en Italie - l&#039;\u00e9chapp\u00e9e close","og_description":"Les publications sur l\u2019art italien contemporain sont rares. Cet ouvrage collectif\u00a0: L\u2019espace des images. Art et culture visuelle en Italie 1960-1975 vient combler un vide \u00e9ditorial en France sur ce sujet, \u00e0 l\u2019exception de certains travaux r\u00e9cents portant plus particuli\u00e8rement sur l\u2019Arte Povera. Or, pendant ces quinze ann\u00e9es, l\u2019Italie a connu une p\u00e9riode particuli\u00e8rement fertile [&hellip;]","og_url":"http:\/\/lechappeeclose.it\/it\/boutique\/livres\/arts\/essais\/lespace-des-images-art-et-culture-visuelle-en-italie\/","og_site_name":"l&#039;\u00e9chapp\u00e9e close","og_image":[{"width":323,"height":500,"url":"http:\/\/lechappeeclose.it\/wp-content\/uploads\/2025\/01\/Lespace-des-images.-Art-et-culture-visuelle-en-Italie.jpg","type":"image\/jpeg"}],"twitter_card":"summary_large_image","twitter_misc":{"Tempo di lettura stimato":"2 minuti"},"schema":{"@context":"https:\/\/schema.org","@graph":[{"@type":"WebPage","@id":"http:\/\/lechappeeclose.it\/boutique\/livres\/arts\/essais\/lespace-des-images-art-et-culture-visuelle-en-italie\/","url":"http:\/\/lechappeeclose.it\/boutique\/livres\/arts\/essais\/lespace-des-images-art-et-culture-visuelle-en-italie\/","name":"L'espace des images. Art et culture visuelle en Italie - l&#039;\u00e9chapp\u00e9e close","isPartOf":{"@id":"http:\/\/lechappeeclose.it\/it\/#website"},"primaryImageOfPage":{"@id":"http:\/\/lechappeeclose.it\/boutique\/livres\/arts\/essais\/lespace-des-images-art-et-culture-visuelle-en-italie\/#primaryimage"},"image":{"@id":"http:\/\/lechappeeclose.it\/boutique\/livres\/arts\/essais\/lespace-des-images-art-et-culture-visuelle-en-italie\/#primaryimage"},"thumbnailUrl":"http:\/\/lechappeeclose.it\/wp-content\/uploads\/2025\/01\/Lespace-des-images.-Art-et-culture-visuelle-en-Italie.jpg","datePublished":"2025-01-30T12:36:34+00:00","breadcrumb":{"@id":"http:\/\/lechappeeclose.it\/boutique\/livres\/arts\/essais\/lespace-des-images-art-et-culture-visuelle-en-italie\/#breadcrumb"},"inLanguage":"it-IT","potentialAction":[{"@type":"ReadAction","target":["http:\/\/lechappeeclose.it\/boutique\/livres\/arts\/essais\/lespace-des-images-art-et-culture-visuelle-en-italie\/"]}]},{"@type":"ImageObject","inLanguage":"it-IT","@id":"http:\/\/lechappeeclose.it\/boutique\/livres\/arts\/essais\/lespace-des-images-art-et-culture-visuelle-en-italie\/#primaryimage","url":"http:\/\/lechappeeclose.it\/wp-content\/uploads\/2025\/01\/Lespace-des-images.-Art-et-culture-visuelle-en-Italie.jpg","contentUrl":"http:\/\/lechappeeclose.it\/wp-content\/uploads\/2025\/01\/Lespace-des-images.-Art-et-culture-visuelle-en-Italie.jpg","width":323,"height":500},{"@type":"BreadcrumbList","@id":"http:\/\/lechappeeclose.it\/boutique\/livres\/arts\/essais\/lespace-des-images-art-et-culture-visuelle-en-italie\/#breadcrumb","itemListElement":[{"@type":"ListItem","position":1,"name":"Accueil","item":"http:\/\/lechappeeclose.it\/it\/"},{"@type":"ListItem","position":2,"name":"Boutique","item":"http:\/\/lechappeeclose.it\/it\/boutique\/"},{"@type":"ListItem","position":3,"name":"L&#8217;espace des images. Art et culture visuelle en Italie"}]},{"@type":"WebSite","@id":"http:\/\/lechappeeclose.it\/it\/#website","url":"http:\/\/lechappeeclose.it\/it\/","name":"l&#039;\u00e9chapp\u00e9e close","description":"La libreria francese di Milano","publisher":{"@id":"http:\/\/lechappeeclose.it\/it\/#organization"},"alternateName":"La librairie fran\u00e7aise de Milan","potentialAction":[{"@type":"SearchAction","target":{"@type":"EntryPoint","urlTemplate":"http:\/\/lechappeeclose.it\/it\/?s={search_term_string}"},"query-input":{"@type":"PropertyValueSpecification","valueRequired":true,"valueName":"search_term_string"}}],"inLanguage":"it-IT"},{"@type":"Organization","@id":"http:\/\/lechappeeclose.it\/it\/#organization","name":"l&#039;\u00e9chapp\u00e9e close","url":"http:\/\/lechappeeclose.it\/it\/","logo":{"@type":"ImageObject","inLanguage":"it-IT","@id":"http:\/\/lechappeeclose.it\/it\/#\/schema\/logo\/image\/","url":"http:\/\/lechappeeclose.it\/wp-content\/uploads\/2025\/02\/cropped-logo-rond.png","contentUrl":"http:\/\/lechappeeclose.it\/wp-content\/uploads\/2025\/02\/cropped-logo-rond.png","width":1080,"height":1080,"caption":"l&#039;\u00e9chapp\u00e9e close"},"image":{"@id":"http:\/\/lechappeeclose.it\/it\/#\/schema\/logo\/image\/"},"sameAs":["https:\/\/www.instagram.com\/lechappeeclose\/"]}]}},"_links":{"self":[{"href":"http:\/\/lechappeeclose.it\/it\/wp-json\/wp\/v2\/product\/3258","targetHints":{"allow":["GET"]}}],"collection":[{"href":"http:\/\/lechappeeclose.it\/it\/wp-json\/wp\/v2\/product"}],"about":[{"href":"http:\/\/lechappeeclose.it\/it\/wp-json\/wp\/v2\/types\/product"}],"replies":[{"embeddable":true,"href":"http:\/\/lechappeeclose.it\/it\/wp-json\/wp\/v2\/comments?post=3258"}],"wp:featuredmedia":[{"embeddable":true,"href":"http:\/\/lechappeeclose.it\/it\/wp-json\/wp\/v2\/media\/3257"}],"wp:attachment":[{"href":"http:\/\/lechappeeclose.it\/it\/wp-json\/wp\/v2\/media?parent=3258"}],"wp:term":[{"taxonomy":"product_brand","embeddable":true,"href":"http:\/\/lechappeeclose.it\/it\/wp-json\/wp\/v2\/product_brand?post=3258"},{"taxonomy":"product_cat","embeddable":true,"href":"http:\/\/lechappeeclose.it\/it\/wp-json\/wp\/v2\/product_cat?post=3258"},{"taxonomy":"product_tag","embeddable":true,"href":"http:\/\/lechappeeclose.it\/it\/wp-json\/wp\/v2\/product_tag?post=3258"}],"curies":[{"name":"wp","href":"https:\/\/api.w.org\/{rel}","templated":true}]}}