{"id":12975,"date":"2026-03-14T11:45:13","date_gmt":"2026-03-14T10:45:13","guid":{"rendered":"https:\/\/lechappeeclose.it\/boutique\/non class\u00e9\/les-inseparables-suivi-de-malentendu-a-moscou\/"},"modified":"2026-03-14T11:45:13","modified_gmt":"2026-03-14T10:45:13","slug":"les-inseparables-suivi-de-malentendu-a-moscou","status":"publish","type":"product","link":"http:\/\/lechappeeclose.it\/it\/boutique\/livres\/litterature\/romans\/les-inseparables-suivi-de-malentendu-a-moscou\/","title":{"rendered":"Les ins\u00e9parables suivi de Malentendu \u00e0 Moscou"},"content":{"rendered":"<p>Court roman autobiographique, Les Ins\u00e9parables raconte avec \u00e9motion et lucidit\u00e9 l\u2019amiti\u00e9 passionn\u00e9e de deux jeunes filles rebelles, Simone de Beauvoir (Sylvie dans le texte) et Zaza (Andr\u00e9e). Un r\u00e9cit qui commence avec leur rencontre \u00e0 neuf ans et les suit tout au long de leur \u00e9ducation sexuelle et intellectuelle jusqu\u2019au d\u00e9nouement tragique : la mort de Zaza. On y retrouve les exp\u00e9riences fondatrices de la r\u00e9volte et de l\u2019\u0153uvre de la grande philosophe f\u00e9ministe : son \u00e9mancipation mouvement\u00e9e et l\u2019antagonisme fondamental entre les intellectuels et les bien-pensants, qui formeront le socle des M\u00e9moires d\u2019une jeune fille rang\u00e9e. Malentendu \u00e0 Moscou \u00e9voque la crise v\u00e9cue par un couple au cours d\u2019un voyage en U.R.S.S. Alternant les points de vue des deux personnages, on y lit la d\u00e9sillusion chez un homme et une femme vieillissants et un t\u00e9moignage critique sur la Russie sovi\u00e9tique des ann\u00e9es 1960 : d\u00e9ception politique et \u00ab malentendu \u00bb sentimental s\u2019entrecroisent, nouant histoire individuelle et histoire collective. Introductions de Sylvie Le Bon de Beauvoir et \u00c9liane Lecarme-Tabone.<\/p>","protected":false},"excerpt":{"rendered":"<p>Court roman autobiographique, Les Ins\u00e9parables raconte avec \u00e9motion et lucidit\u00e9 l\u2019amiti\u00e9 passionn\u00e9e de deux jeunes filles rebelles, Simone de Beauvoir (Sylvie dans le texte) et Zaza (Andr\u00e9e). Un r\u00e9cit qui commence avec leur rencontre \u00e0 neuf ans et les suit tout au long de leur \u00e9ducation sexuelle et intellectuelle jusqu\u2019au d\u00e9nouement tragique : la mort [&hellip;]<\/p>","protected":false},"featured_media":12974,"comment_status":"open","ping_status":"closed","template":"","meta":[],"product_brand":[],"product_cat":[46],"product_tag":[],"class_list":{"0":"post-12975","1":"product","2":"type-product","3":"status-publish","4":"has-post-thumbnail","6":"product_cat-romans","8":"first","9":"instock","10":"taxable","11":"shipping-taxable","12":"purchasable","13":"product-type-simple"},"yoast_head":"<!-- This site is optimized with the Yoast SEO plugin v27.5 - https:\/\/yoast.com\/product\/yoast-seo-wordpress\/ -->\n<title>Les ins\u00e9parables suivi de Malentendu \u00e0 Moscou - l&#039;\u00e9chapp\u00e9e close<\/title>\n<meta name=\"robots\" content=\"index, follow, max-snippet:-1, max-image-preview:large, max-video-preview:-1\" \/>\n<link rel=\"canonical\" href=\"http:\/\/lechappeeclose.it\/it\/boutique\/livres\/litterature\/romans\/les-inseparables-suivi-de-malentendu-a-moscou\/\" \/>\n<meta property=\"og:locale\" content=\"it_IT\" \/>\n<meta property=\"og:type\" content=\"article\" \/>\n<meta property=\"og:title\" content=\"Les ins\u00e9parables suivi de Malentendu \u00e0 Moscou - l&#039;\u00e9chapp\u00e9e close\" \/>\n<meta property=\"og:description\" content=\"Court roman autobiographique, Les Ins\u00e9parables raconte avec \u00e9motion et lucidit\u00e9 l\u2019amiti\u00e9 passionn\u00e9e de deux jeunes filles rebelles, Simone de Beauvoir (Sylvie dans le texte) et Zaza (Andr\u00e9e). Un r\u00e9cit qui commence avec leur rencontre \u00e0 neuf ans et les suit tout au long de leur \u00e9ducation sexuelle et intellectuelle jusqu\u2019au d\u00e9nouement tragique : la mort [&hellip;]\" \/>\n<meta property=\"og:url\" content=\"http:\/\/lechappeeclose.it\/it\/boutique\/livres\/litterature\/romans\/les-inseparables-suivi-de-malentendu-a-moscou\/\" \/>\n<meta property=\"og:site_name\" content=\"l&#039;\u00e9chapp\u00e9e close\" \/>\n<meta property=\"og:image\" content=\"http:\/\/lechappeeclose.it\/wp-content\/uploads\/2026\/03\/Les-inseparables-suivi-de-Malentendu-a-Moscou.jpeg\" \/>\n\t<meta property=\"og:image:width\" content=\"1400\" \/>\n\t<meta property=\"og:image:height\" content=\"2266\" \/>\n\t<meta property=\"og:image:type\" content=\"image\/jpeg\" \/>\n<meta name=\"twitter:card\" content=\"summary_large_image\" \/>\n<meta name=\"twitter:label1\" content=\"Tempo di lettura stimato\" \/>\n\t<meta name=\"twitter:data1\" content=\"1 minuto\" \/>\n<script type=\"application\/ld+json\" class=\"yoast-schema-graph\">{\"@context\":\"https:\\\/\\\/schema.org\",\"@graph\":[{\"@type\":\"WebPage\",\"@id\":\"http:\\\/\\\/lechappeeclose.it\\\/it\\\/boutique\\\/livres\\\/litterature\\\/romans\\\/les-inseparables-suivi-de-malentendu-a-moscou\\\/\",\"url\":\"http:\\\/\\\/lechappeeclose.it\\\/it\\\/boutique\\\/livres\\\/litterature\\\/romans\\\/les-inseparables-suivi-de-malentendu-a-moscou\\\/\",\"name\":\"Les ins\u00e9parables suivi de Malentendu \u00e0 Moscou - l&#039;\u00e9chapp\u00e9e close\",\"isPartOf\":{\"@id\":\"http:\\\/\\\/lechappeeclose.it\\\/it\\\/#website\"},\"primaryImageOfPage\":{\"@id\":\"http:\\\/\\\/lechappeeclose.it\\\/it\\\/boutique\\\/livres\\\/litterature\\\/romans\\\/les-inseparables-suivi-de-malentendu-a-moscou\\\/#primaryimage\"},\"image\":{\"@id\":\"http:\\\/\\\/lechappeeclose.it\\\/it\\\/boutique\\\/livres\\\/litterature\\\/romans\\\/les-inseparables-suivi-de-malentendu-a-moscou\\\/#primaryimage\"},\"thumbnailUrl\":\"http:\\\/\\\/lechappeeclose.it\\\/wp-content\\\/uploads\\\/2026\\\/03\\\/Les-inseparables-suivi-de-Malentendu-a-Moscou.jpeg\",\"datePublished\":\"2026-03-14T10:45:13+00:00\",\"breadcrumb\":{\"@id\":\"http:\\\/\\\/lechappeeclose.it\\\/it\\\/boutique\\\/livres\\\/litterature\\\/romans\\\/les-inseparables-suivi-de-malentendu-a-moscou\\\/#breadcrumb\"},\"inLanguage\":\"it-IT\",\"potentialAction\":[{\"@type\":\"ReadAction\",\"target\":[\"http:\\\/\\\/lechappeeclose.it\\\/it\\\/boutique\\\/livres\\\/litterature\\\/romans\\\/les-inseparables-suivi-de-malentendu-a-moscou\\\/\"]}]},{\"@type\":\"ImageObject\",\"inLanguage\":\"it-IT\",\"@id\":\"http:\\\/\\\/lechappeeclose.it\\\/it\\\/boutique\\\/livres\\\/litterature\\\/romans\\\/les-inseparables-suivi-de-malentendu-a-moscou\\\/#primaryimage\",\"url\":\"http:\\\/\\\/lechappeeclose.it\\\/wp-content\\\/uploads\\\/2026\\\/03\\\/Les-inseparables-suivi-de-Malentendu-a-Moscou.jpeg\",\"contentUrl\":\"http:\\\/\\\/lechappeeclose.it\\\/wp-content\\\/uploads\\\/2026\\\/03\\\/Les-inseparables-suivi-de-Malentendu-a-Moscou.jpeg\",\"width\":1400,\"height\":2266},{\"@type\":\"BreadcrumbList\",\"@id\":\"http:\\\/\\\/lechappeeclose.it\\\/it\\\/boutique\\\/livres\\\/litterature\\\/romans\\\/les-inseparables-suivi-de-malentendu-a-moscou\\\/#breadcrumb\",\"itemListElement\":[{\"@type\":\"ListItem\",\"position\":1,\"name\":\"Accueil\",\"item\":\"http:\\\/\\\/lechappeeclose.it\\\/it\\\/\"},{\"@type\":\"ListItem\",\"position\":2,\"name\":\"Boutique\",\"item\":\"http:\\\/\\\/lechappeeclose.it\\\/it\\\/boutique\\\/\"},{\"@type\":\"ListItem\",\"position\":3,\"name\":\"Les ins\u00e9parables suivi de Malentendu \u00e0 Moscou\"}]},{\"@type\":\"WebSite\",\"@id\":\"http:\\\/\\\/lechappeeclose.it\\\/it\\\/#website\",\"url\":\"http:\\\/\\\/lechappeeclose.it\\\/it\\\/\",\"name\":\"l&#039;\u00e9chapp\u00e9e close\",\"description\":\"la librairie fran\u00e7aise de Milan\",\"publisher\":{\"@id\":\"http:\\\/\\\/lechappeeclose.it\\\/it\\\/#organization\"},\"alternateName\":\"La librairie fran\u00e7aise de Milan\",\"potentialAction\":[{\"@type\":\"SearchAction\",\"target\":{\"@type\":\"EntryPoint\",\"urlTemplate\":\"http:\\\/\\\/lechappeeclose.it\\\/it\\\/?s={search_term_string}\"},\"query-input\":{\"@type\":\"PropertyValueSpecification\",\"valueRequired\":true,\"valueName\":\"search_term_string\"}}],\"inLanguage\":\"it-IT\"},{\"@type\":\"Organization\",\"@id\":\"http:\\\/\\\/lechappeeclose.it\\\/it\\\/#organization\",\"name\":\"l&#039;\u00e9chapp\u00e9e close\",\"url\":\"http:\\\/\\\/lechappeeclose.it\\\/it\\\/\",\"logo\":{\"@type\":\"ImageObject\",\"inLanguage\":\"it-IT\",\"@id\":\"http:\\\/\\\/lechappeeclose.it\\\/it\\\/#\\\/schema\\\/logo\\\/image\\\/\",\"url\":\"http:\\\/\\\/lechappeeclose.it\\\/wp-content\\\/uploads\\\/2025\\\/02\\\/cropped-logo-rond.png\",\"contentUrl\":\"http:\\\/\\\/lechappeeclose.it\\\/wp-content\\\/uploads\\\/2025\\\/02\\\/cropped-logo-rond.png\",\"width\":1080,\"height\":1080,\"caption\":\"l&#039;\u00e9chapp\u00e9e close\"},\"image\":{\"@id\":\"http:\\\/\\\/lechappeeclose.it\\\/it\\\/#\\\/schema\\\/logo\\\/image\\\/\"},\"sameAs\":[\"https:\\\/\\\/www.instagram.com\\\/lechappeeclose\\\/\"]}]}<\/script>\n<!-- \/ Yoast SEO plugin. -->","yoast_head_json":{"title":"Les ins\u00e9parables suivi de Malentendu \u00e0 Moscou - l&#039;\u00e9chapp\u00e9e close","robots":{"index":"index","follow":"follow","max-snippet":"max-snippet:-1","max-image-preview":"max-image-preview:large","max-video-preview":"max-video-preview:-1"},"canonical":"http:\/\/lechappeeclose.it\/it\/boutique\/livres\/litterature\/romans\/les-inseparables-suivi-de-malentendu-a-moscou\/","og_locale":"it_IT","og_type":"article","og_title":"Les ins\u00e9parables suivi de Malentendu \u00e0 Moscou - l&#039;\u00e9chapp\u00e9e close","og_description":"Court roman autobiographique, Les Ins\u00e9parables raconte avec \u00e9motion et lucidit\u00e9 l\u2019amiti\u00e9 passionn\u00e9e de deux jeunes filles rebelles, Simone de Beauvoir (Sylvie dans le texte) et Zaza (Andr\u00e9e). Un r\u00e9cit qui commence avec leur rencontre \u00e0 neuf ans et les suit tout au long de leur \u00e9ducation sexuelle et intellectuelle jusqu\u2019au d\u00e9nouement tragique : la mort [&hellip;]","og_url":"http:\/\/lechappeeclose.it\/it\/boutique\/livres\/litterature\/romans\/les-inseparables-suivi-de-malentendu-a-moscou\/","og_site_name":"l&#039;\u00e9chapp\u00e9e close","og_image":[{"width":1400,"height":2266,"url":"http:\/\/lechappeeclose.it\/wp-content\/uploads\/2026\/03\/Les-inseparables-suivi-de-Malentendu-a-Moscou.jpeg","type":"image\/jpeg"}],"twitter_card":"summary_large_image","twitter_misc":{"Tempo di lettura stimato":"1 minuto"},"schema":{"@context":"https:\/\/schema.org","@graph":[{"@type":"WebPage","@id":"http:\/\/lechappeeclose.it\/it\/boutique\/livres\/litterature\/romans\/les-inseparables-suivi-de-malentendu-a-moscou\/","url":"http:\/\/lechappeeclose.it\/it\/boutique\/livres\/litterature\/romans\/les-inseparables-suivi-de-malentendu-a-moscou\/","name":"Les ins\u00e9parables suivi de Malentendu \u00e0 Moscou - l&#039;\u00e9chapp\u00e9e close","isPartOf":{"@id":"http:\/\/lechappeeclose.it\/it\/#website"},"primaryImageOfPage":{"@id":"http:\/\/lechappeeclose.it\/it\/boutique\/livres\/litterature\/romans\/les-inseparables-suivi-de-malentendu-a-moscou\/#primaryimage"},"image":{"@id":"http:\/\/lechappeeclose.it\/it\/boutique\/livres\/litterature\/romans\/les-inseparables-suivi-de-malentendu-a-moscou\/#primaryimage"},"thumbnailUrl":"http:\/\/lechappeeclose.it\/wp-content\/uploads\/2026\/03\/Les-inseparables-suivi-de-Malentendu-a-Moscou.jpeg","datePublished":"2026-03-14T10:45:13+00:00","breadcrumb":{"@id":"http:\/\/lechappeeclose.it\/it\/boutique\/livres\/litterature\/romans\/les-inseparables-suivi-de-malentendu-a-moscou\/#breadcrumb"},"inLanguage":"it-IT","potentialAction":[{"@type":"ReadAction","target":["http:\/\/lechappeeclose.it\/it\/boutique\/livres\/litterature\/romans\/les-inseparables-suivi-de-malentendu-a-moscou\/"]}]},{"@type":"ImageObject","inLanguage":"it-IT","@id":"http:\/\/lechappeeclose.it\/it\/boutique\/livres\/litterature\/romans\/les-inseparables-suivi-de-malentendu-a-moscou\/#primaryimage","url":"http:\/\/lechappeeclose.it\/wp-content\/uploads\/2026\/03\/Les-inseparables-suivi-de-Malentendu-a-Moscou.jpeg","contentUrl":"http:\/\/lechappeeclose.it\/wp-content\/uploads\/2026\/03\/Les-inseparables-suivi-de-Malentendu-a-Moscou.jpeg","width":1400,"height":2266},{"@type":"BreadcrumbList","@id":"http:\/\/lechappeeclose.it\/it\/boutique\/livres\/litterature\/romans\/les-inseparables-suivi-de-malentendu-a-moscou\/#breadcrumb","itemListElement":[{"@type":"ListItem","position":1,"name":"Accueil","item":"http:\/\/lechappeeclose.it\/it\/"},{"@type":"ListItem","position":2,"name":"Boutique","item":"http:\/\/lechappeeclose.it\/it\/boutique\/"},{"@type":"ListItem","position":3,"name":"Les ins\u00e9parables suivi de Malentendu \u00e0 Moscou"}]},{"@type":"WebSite","@id":"http:\/\/lechappeeclose.it\/it\/#website","url":"http:\/\/lechappeeclose.it\/it\/","name":"l&#039;\u00e9chapp\u00e9e close","description":"La libreria francese di Milano","publisher":{"@id":"http:\/\/lechappeeclose.it\/it\/#organization"},"alternateName":"La librairie fran\u00e7aise de Milan","potentialAction":[{"@type":"SearchAction","target":{"@type":"EntryPoint","urlTemplate":"http:\/\/lechappeeclose.it\/it\/?s={search_term_string}"},"query-input":{"@type":"PropertyValueSpecification","valueRequired":true,"valueName":"search_term_string"}}],"inLanguage":"it-IT"},{"@type":"Organization","@id":"http:\/\/lechappeeclose.it\/it\/#organization","name":"l&#039;\u00e9chapp\u00e9e close","url":"http:\/\/lechappeeclose.it\/it\/","logo":{"@type":"ImageObject","inLanguage":"it-IT","@id":"http:\/\/lechappeeclose.it\/it\/#\/schema\/logo\/image\/","url":"http:\/\/lechappeeclose.it\/wp-content\/uploads\/2025\/02\/cropped-logo-rond.png","contentUrl":"http:\/\/lechappeeclose.it\/wp-content\/uploads\/2025\/02\/cropped-logo-rond.png","width":1080,"height":1080,"caption":"l&#039;\u00e9chapp\u00e9e close"},"image":{"@id":"http:\/\/lechappeeclose.it\/it\/#\/schema\/logo\/image\/"},"sameAs":["https:\/\/www.instagram.com\/lechappeeclose\/"]}]}},"_links":{"self":[{"href":"http:\/\/lechappeeclose.it\/it\/wp-json\/wp\/v2\/product\/12975","targetHints":{"allow":["GET"]}}],"collection":[{"href":"http:\/\/lechappeeclose.it\/it\/wp-json\/wp\/v2\/product"}],"about":[{"href":"http:\/\/lechappeeclose.it\/it\/wp-json\/wp\/v2\/types\/product"}],"replies":[{"embeddable":true,"href":"http:\/\/lechappeeclose.it\/it\/wp-json\/wp\/v2\/comments?post=12975"}],"wp:featuredmedia":[{"embeddable":true,"href":"http:\/\/lechappeeclose.it\/it\/wp-json\/wp\/v2\/media\/12974"}],"wp:attachment":[{"href":"http:\/\/lechappeeclose.it\/it\/wp-json\/wp\/v2\/media?parent=12975"}],"wp:term":[{"taxonomy":"product_brand","embeddable":true,"href":"http:\/\/lechappeeclose.it\/it\/wp-json\/wp\/v2\/product_brand?post=12975"},{"taxonomy":"product_cat","embeddable":true,"href":"http:\/\/lechappeeclose.it\/it\/wp-json\/wp\/v2\/product_cat?post=12975"},{"taxonomy":"product_tag","embeddable":true,"href":"http:\/\/lechappeeclose.it\/it\/wp-json\/wp\/v2\/product_tag?post=12975"}],"curies":[{"name":"wp","href":"https:\/\/api.w.org\/{rel}","templated":true}]}}