{"id":12622,"date":"2026-01-16T18:27:28","date_gmt":"2026-01-16T17:27:28","guid":{"rendered":"https:\/\/lechappeeclose.it\/boutique\/non class\u00e9\/lodeur-de-linde\/"},"modified":"2026-01-16T18:27:28","modified_gmt":"2026-01-16T17:27:28","slug":"lodeur-de-linde","status":"publish","type":"product","link":"http:\/\/lechappeeclose.it\/it\/boutique\/livres\/arts\/photographie\/lodeur-de-linde\/","title":{"rendered":"L&#8217;odeur de l&#8217;Inde"},"content":{"rendered":"<p>Dans L&#8217;Odeur de l&#8217;Inde, Pasolini t\u00e9moigne de son \u00e9merveillement et de son exp\u00e9rience sensible d&#8217;une humanit\u00e9 autre, loin des perceptions occidentales. Trente ans plus tard, Paolo Roversi donne \u00e0 voir une Inde tout aussi mystique et fabuleuse, saisie dans des tonalit\u00e9s s\u00e9pia et des couleurs poudr\u00e9es, signature de son esth\u00e9tique.Un soir de janvier 1989, Paolo Roversi fait une halte \u00e0 l&#8217;h\u00f4tel Malabar de Cochin, dans la r\u00e9gion du Kerala. Il a d\u00e9j\u00e0 r\u00e9alis\u00e9 plusieurs voyages en Inde. Ce soir-l\u00e0, alors qu&#8217;il entame la lecture de L&#8217;Odeur de l&#8217;Inde de Pier Paolo Pasolini, il r\u00e9alise qu&#8217;il r\u00e9side exactement dans l&#8217;\u00e9tablissement o\u00f9 a s\u00e9journ\u00e9 presque trente ans plus t\u00f4t son compatriote italien. En 1961, Pasolini part en Inde en compagnie d&#8217;Alberto Moravia et d&#8217;Elsa Morante. L&#8217;ouvrage qu&#8217;il \u00e9crit \u00e0 son retour \u00e9voque ses impressions, ses errances nocturnes, mais aussi ses rencontres. Dans L&#8217;Odeur de l&#8217;Inde, Pasolini t\u00e9moigne de son \u00e9merveillement et de son exp\u00e9rience sensible d&#8217;une humanit\u00e9 autre, loin des perceptions occidentales.Trente ans plus tard, Paolo Roversi donne \u00e0 voir une Inde tout aussi mystique et fabuleuse, saisie dans des tonalit\u00e9s s\u00e9pia et des couleurs poudr\u00e9es, signature de son esth\u00e9tique. Les variations de lumi\u00e8re et le model\u00e9 des volumes dessinent un univers onirique, en suspens. Palais de marbre d\u00e9cr\u00e9pis, petites \u00e9choppes, ruelles peupl\u00e9es d&#8217;un bestiaire d&#8217;\u00e2nes et de vaches sacr\u00e9es, vall\u00e9es sableuses nimb\u00e9es d&#8217;un voile ambr\u00e9, et surtout portraits de femmes, d&#8217;hommes et d&#8217;enfants o\u00f9 l&#8217;on retrouve la douceur et l&#8217;\u00e9l\u00e9gance du regard de Roversi. Concentr\u00e9s sur leur t\u00e2che ou posant, subrepticement, devant l&#8217;objectif du photographe, ils composent un portrait kal\u00e9idoscopique de l&#8217;Inde.Publi\u00e9 conjointement avec le texte in extenso de Pasolini, L&#8217;Odeur de l&#8217;Inde de Roversi immerge le lecteur dans une Inde myst\u00e9rieuse et fantastique.<\/p>","protected":false},"excerpt":{"rendered":"<p>Dans L&#8217;Odeur de l&#8217;Inde, Pasolini t\u00e9moigne de son \u00e9merveillement et de son exp\u00e9rience sensible d&#8217;une humanit\u00e9 autre, loin des perceptions occidentales. Trente ans plus tard, Paolo Roversi donne \u00e0 voir une Inde tout aussi mystique et fabuleuse, saisie dans des tonalit\u00e9s s\u00e9pia et des couleurs poudr\u00e9es, signature de son esth\u00e9tique.Un soir de janvier 1989, Paolo [&hellip;]<\/p>","protected":false},"featured_media":12621,"comment_status":"open","ping_status":"closed","template":"","meta":[],"product_brand":[],"product_cat":[39],"product_tag":[],"class_list":{"0":"post-12622","1":"product","2":"type-product","3":"status-publish","4":"has-post-thumbnail","6":"product_cat-photographie","8":"first","9":"instock","10":"taxable","11":"shipping-taxable","12":"purchasable","13":"product-type-simple"},"yoast_head":"<!-- This site is optimized with the Yoast SEO plugin v27.5 - https:\/\/yoast.com\/product\/yoast-seo-wordpress\/ -->\n<title>L&#039;odeur de l&#039;Inde - l&#039;\u00e9chapp\u00e9e close<\/title>\n<meta name=\"robots\" content=\"index, follow, max-snippet:-1, max-image-preview:large, max-video-preview:-1\" \/>\n<link rel=\"canonical\" href=\"http:\/\/lechappeeclose.it\/it\/boutique\/livres\/arts\/photographie\/lodeur-de-linde\/\" \/>\n<meta property=\"og:locale\" content=\"it_IT\" \/>\n<meta property=\"og:type\" content=\"article\" \/>\n<meta property=\"og:title\" content=\"L&#039;odeur de l&#039;Inde - l&#039;\u00e9chapp\u00e9e close\" \/>\n<meta property=\"og:description\" content=\"Dans L&#8217;Odeur de l&#8217;Inde, Pasolini t\u00e9moigne de son \u00e9merveillement et de son exp\u00e9rience sensible d&#8217;une humanit\u00e9 autre, loin des perceptions occidentales. Trente ans plus tard, Paolo Roversi donne \u00e0 voir une Inde tout aussi mystique et fabuleuse, saisie dans des tonalit\u00e9s s\u00e9pia et des couleurs poudr\u00e9es, signature de son esth\u00e9tique.Un soir de janvier 1989, Paolo [&hellip;]\" \/>\n<meta property=\"og:url\" content=\"http:\/\/lechappeeclose.it\/it\/boutique\/livres\/arts\/photographie\/lodeur-de-linde\/\" \/>\n<meta property=\"og:site_name\" content=\"l&#039;\u00e9chapp\u00e9e close\" \/>\n<meta property=\"og:image\" content=\"http:\/\/lechappeeclose.it\/wp-content\/uploads\/2026\/01\/Lodeur-de-lInde.jpeg\" \/>\n\t<meta property=\"og:image:width\" content=\"800\" \/>\n\t<meta property=\"og:image:height\" content=\"991\" \/>\n\t<meta property=\"og:image:type\" content=\"image\/jpeg\" \/>\n<meta name=\"twitter:card\" content=\"summary_large_image\" \/>\n<meta name=\"twitter:label1\" content=\"Tempo di lettura stimato\" \/>\n\t<meta name=\"twitter:data1\" content=\"2 minuti\" \/>\n<script type=\"application\/ld+json\" class=\"yoast-schema-graph\">{\"@context\":\"https:\\\/\\\/schema.org\",\"@graph\":[{\"@type\":\"WebPage\",\"@id\":\"http:\\\/\\\/lechappeeclose.it\\\/boutique\\\/livres\\\/arts\\\/photographie\\\/lodeur-de-linde\\\/\",\"url\":\"http:\\\/\\\/lechappeeclose.it\\\/boutique\\\/livres\\\/arts\\\/photographie\\\/lodeur-de-linde\\\/\",\"name\":\"L'odeur de l'Inde - l&#039;\u00e9chapp\u00e9e close\",\"isPartOf\":{\"@id\":\"http:\\\/\\\/lechappeeclose.it\\\/#website\"},\"primaryImageOfPage\":{\"@id\":\"http:\\\/\\\/lechappeeclose.it\\\/boutique\\\/livres\\\/arts\\\/photographie\\\/lodeur-de-linde\\\/#primaryimage\"},\"image\":{\"@id\":\"http:\\\/\\\/lechappeeclose.it\\\/boutique\\\/livres\\\/arts\\\/photographie\\\/lodeur-de-linde\\\/#primaryimage\"},\"thumbnailUrl\":\"http:\\\/\\\/lechappeeclose.it\\\/wp-content\\\/uploads\\\/2026\\\/01\\\/Lodeur-de-lInde.jpeg\",\"datePublished\":\"2026-01-16T17:27:28+00:00\",\"breadcrumb\":{\"@id\":\"http:\\\/\\\/lechappeeclose.it\\\/boutique\\\/livres\\\/arts\\\/photographie\\\/lodeur-de-linde\\\/#breadcrumb\"},\"inLanguage\":\"it-IT\",\"potentialAction\":[{\"@type\":\"ReadAction\",\"target\":[\"http:\\\/\\\/lechappeeclose.it\\\/boutique\\\/livres\\\/arts\\\/photographie\\\/lodeur-de-linde\\\/\"]}]},{\"@type\":\"ImageObject\",\"inLanguage\":\"it-IT\",\"@id\":\"http:\\\/\\\/lechappeeclose.it\\\/boutique\\\/livres\\\/arts\\\/photographie\\\/lodeur-de-linde\\\/#primaryimage\",\"url\":\"http:\\\/\\\/lechappeeclose.it\\\/wp-content\\\/uploads\\\/2026\\\/01\\\/Lodeur-de-lInde.jpeg\",\"contentUrl\":\"http:\\\/\\\/lechappeeclose.it\\\/wp-content\\\/uploads\\\/2026\\\/01\\\/Lodeur-de-lInde.jpeg\",\"width\":800,\"height\":991},{\"@type\":\"BreadcrumbList\",\"@id\":\"http:\\\/\\\/lechappeeclose.it\\\/boutique\\\/livres\\\/arts\\\/photographie\\\/lodeur-de-linde\\\/#breadcrumb\",\"itemListElement\":[{\"@type\":\"ListItem\",\"position\":1,\"name\":\"Accueil\",\"item\":\"http:\\\/\\\/lechappeeclose.it\\\/\"},{\"@type\":\"ListItem\",\"position\":2,\"name\":\"Boutique\",\"item\":\"http:\\\/\\\/lechappeeclose.it\\\/it\\\/boutique\\\/\"},{\"@type\":\"ListItem\",\"position\":3,\"name\":\"L&#8217;odeur de l&#8217;Inde\"}]},{\"@type\":\"WebSite\",\"@id\":\"http:\\\/\\\/lechappeeclose.it\\\/#website\",\"url\":\"http:\\\/\\\/lechappeeclose.it\\\/\",\"name\":\"l&#039;\u00e9chapp\u00e9e close\",\"description\":\"la librairie fran\u00e7aise de Milan\",\"publisher\":{\"@id\":\"http:\\\/\\\/lechappeeclose.it\\\/#organization\"},\"alternateName\":\"La librairie fran\u00e7aise de Milan\",\"potentialAction\":[{\"@type\":\"SearchAction\",\"target\":{\"@type\":\"EntryPoint\",\"urlTemplate\":\"http:\\\/\\\/lechappeeclose.it\\\/?s={search_term_string}\"},\"query-input\":{\"@type\":\"PropertyValueSpecification\",\"valueRequired\":true,\"valueName\":\"search_term_string\"}}],\"inLanguage\":\"it-IT\"},{\"@type\":\"Organization\",\"@id\":\"http:\\\/\\\/lechappeeclose.it\\\/#organization\",\"name\":\"l&#039;\u00e9chapp\u00e9e close\",\"url\":\"http:\\\/\\\/lechappeeclose.it\\\/\",\"logo\":{\"@type\":\"ImageObject\",\"inLanguage\":\"it-IT\",\"@id\":\"http:\\\/\\\/lechappeeclose.it\\\/#\\\/schema\\\/logo\\\/image\\\/\",\"url\":\"http:\\\/\\\/lechappeeclose.it\\\/wp-content\\\/uploads\\\/2025\\\/02\\\/cropped-logo-rond.png\",\"contentUrl\":\"http:\\\/\\\/lechappeeclose.it\\\/wp-content\\\/uploads\\\/2025\\\/02\\\/cropped-logo-rond.png\",\"width\":1080,\"height\":1080,\"caption\":\"l&#039;\u00e9chapp\u00e9e close\"},\"image\":{\"@id\":\"http:\\\/\\\/lechappeeclose.it\\\/#\\\/schema\\\/logo\\\/image\\\/\"},\"sameAs\":[\"https:\\\/\\\/www.instagram.com\\\/lechappeeclose\\\/\"]}]}<\/script>\n<!-- \/ Yoast SEO plugin. -->","yoast_head_json":{"title":"L'odeur de l'Inde - l&#039;\u00e9chapp\u00e9e close","robots":{"index":"index","follow":"follow","max-snippet":"max-snippet:-1","max-image-preview":"max-image-preview:large","max-video-preview":"max-video-preview:-1"},"canonical":"http:\/\/lechappeeclose.it\/it\/boutique\/livres\/arts\/photographie\/lodeur-de-linde\/","og_locale":"it_IT","og_type":"article","og_title":"L'odeur de l'Inde - l&#039;\u00e9chapp\u00e9e close","og_description":"Dans L&#8217;Odeur de l&#8217;Inde, Pasolini t\u00e9moigne de son \u00e9merveillement et de son exp\u00e9rience sensible d&#8217;une humanit\u00e9 autre, loin des perceptions occidentales. Trente ans plus tard, Paolo Roversi donne \u00e0 voir une Inde tout aussi mystique et fabuleuse, saisie dans des tonalit\u00e9s s\u00e9pia et des couleurs poudr\u00e9es, signature de son esth\u00e9tique.Un soir de janvier 1989, Paolo [&hellip;]","og_url":"http:\/\/lechappeeclose.it\/it\/boutique\/livres\/arts\/photographie\/lodeur-de-linde\/","og_site_name":"l&#039;\u00e9chapp\u00e9e close","og_image":[{"width":800,"height":991,"url":"http:\/\/lechappeeclose.it\/wp-content\/uploads\/2026\/01\/Lodeur-de-lInde.jpeg","type":"image\/jpeg"}],"twitter_card":"summary_large_image","twitter_misc":{"Tempo di lettura stimato":"2 minuti"},"schema":{"@context":"https:\/\/schema.org","@graph":[{"@type":"WebPage","@id":"http:\/\/lechappeeclose.it\/boutique\/livres\/arts\/photographie\/lodeur-de-linde\/","url":"http:\/\/lechappeeclose.it\/boutique\/livres\/arts\/photographie\/lodeur-de-linde\/","name":"L'odeur de l'Inde - l&#039;\u00e9chapp\u00e9e close","isPartOf":{"@id":"http:\/\/lechappeeclose.it\/#website"},"primaryImageOfPage":{"@id":"http:\/\/lechappeeclose.it\/boutique\/livres\/arts\/photographie\/lodeur-de-linde\/#primaryimage"},"image":{"@id":"http:\/\/lechappeeclose.it\/boutique\/livres\/arts\/photographie\/lodeur-de-linde\/#primaryimage"},"thumbnailUrl":"http:\/\/lechappeeclose.it\/wp-content\/uploads\/2026\/01\/Lodeur-de-lInde.jpeg","datePublished":"2026-01-16T17:27:28+00:00","breadcrumb":{"@id":"http:\/\/lechappeeclose.it\/boutique\/livres\/arts\/photographie\/lodeur-de-linde\/#breadcrumb"},"inLanguage":"it-IT","potentialAction":[{"@type":"ReadAction","target":["http:\/\/lechappeeclose.it\/boutique\/livres\/arts\/photographie\/lodeur-de-linde\/"]}]},{"@type":"ImageObject","inLanguage":"it-IT","@id":"http:\/\/lechappeeclose.it\/boutique\/livres\/arts\/photographie\/lodeur-de-linde\/#primaryimage","url":"http:\/\/lechappeeclose.it\/wp-content\/uploads\/2026\/01\/Lodeur-de-lInde.jpeg","contentUrl":"http:\/\/lechappeeclose.it\/wp-content\/uploads\/2026\/01\/Lodeur-de-lInde.jpeg","width":800,"height":991},{"@type":"BreadcrumbList","@id":"http:\/\/lechappeeclose.it\/boutique\/livres\/arts\/photographie\/lodeur-de-linde\/#breadcrumb","itemListElement":[{"@type":"ListItem","position":1,"name":"Accueil","item":"http:\/\/lechappeeclose.it\/"},{"@type":"ListItem","position":2,"name":"Boutique","item":"http:\/\/lechappeeclose.it\/it\/boutique\/"},{"@type":"ListItem","position":3,"name":"L&#8217;odeur de l&#8217;Inde"}]},{"@type":"WebSite","@id":"http:\/\/lechappeeclose.it\/#website","url":"http:\/\/lechappeeclose.it\/","name":"l&#039;\u00e9chapp\u00e9e close","description":"La libreria francese di Milano","publisher":{"@id":"http:\/\/lechappeeclose.it\/#organization"},"alternateName":"La librairie fran\u00e7aise de Milan","potentialAction":[{"@type":"SearchAction","target":{"@type":"EntryPoint","urlTemplate":"http:\/\/lechappeeclose.it\/?s={search_term_string}"},"query-input":{"@type":"PropertyValueSpecification","valueRequired":true,"valueName":"search_term_string"}}],"inLanguage":"it-IT"},{"@type":"Organization","@id":"http:\/\/lechappeeclose.it\/#organization","name":"l&#039;\u00e9chapp\u00e9e close","url":"http:\/\/lechappeeclose.it\/","logo":{"@type":"ImageObject","inLanguage":"it-IT","@id":"http:\/\/lechappeeclose.it\/#\/schema\/logo\/image\/","url":"http:\/\/lechappeeclose.it\/wp-content\/uploads\/2025\/02\/cropped-logo-rond.png","contentUrl":"http:\/\/lechappeeclose.it\/wp-content\/uploads\/2025\/02\/cropped-logo-rond.png","width":1080,"height":1080,"caption":"l&#039;\u00e9chapp\u00e9e close"},"image":{"@id":"http:\/\/lechappeeclose.it\/#\/schema\/logo\/image\/"},"sameAs":["https:\/\/www.instagram.com\/lechappeeclose\/"]}]}},"_links":{"self":[{"href":"http:\/\/lechappeeclose.it\/it\/wp-json\/wp\/v2\/product\/12622","targetHints":{"allow":["GET"]}}],"collection":[{"href":"http:\/\/lechappeeclose.it\/it\/wp-json\/wp\/v2\/product"}],"about":[{"href":"http:\/\/lechappeeclose.it\/it\/wp-json\/wp\/v2\/types\/product"}],"replies":[{"embeddable":true,"href":"http:\/\/lechappeeclose.it\/it\/wp-json\/wp\/v2\/comments?post=12622"}],"wp:featuredmedia":[{"embeddable":true,"href":"http:\/\/lechappeeclose.it\/it\/wp-json\/wp\/v2\/media\/12621"}],"wp:attachment":[{"href":"http:\/\/lechappeeclose.it\/it\/wp-json\/wp\/v2\/media?parent=12622"}],"wp:term":[{"taxonomy":"product_brand","embeddable":true,"href":"http:\/\/lechappeeclose.it\/it\/wp-json\/wp\/v2\/product_brand?post=12622"},{"taxonomy":"product_cat","embeddable":true,"href":"http:\/\/lechappeeclose.it\/it\/wp-json\/wp\/v2\/product_cat?post=12622"},{"taxonomy":"product_tag","embeddable":true,"href":"http:\/\/lechappeeclose.it\/it\/wp-json\/wp\/v2\/product_tag?post=12622"}],"curies":[{"name":"wp","href":"https:\/\/api.w.org\/{rel}","templated":true}]}}